{"id":70956,"date":"2015-02-14T08:59:00","date_gmt":"2015-02-14T07:59:00","guid":{"rendered":"https:\/\/www.daliform.com\/?page_id=70956"},"modified":"2025-01-20T15:35:22","modified_gmt":"2025-01-20T14:35:22","slug":"solucaos-innovadoras-para-construcao","status":"publish","type":"page","link":"https:\/\/www.daliform.com\/pt-pt\/","title":{"rendered":"Solu\u00e7\u00e3os innovadoras para constru\u00e7\u00e3o"},"content":{"rendered":"<p>[vc_row row_type=&#8221;row_full_center_content&#8221; bg_color=&#8221;#b2b2b2&#8243; class=&#8221;vc_hidden-xs&#8221;][vc_column css=&#8221;.vc_custom_1589790402159{margin-top: -30px !important;margin-bottom: -30px !important;padding-top: 0px !important;padding-bottom: 0px !important;}&#8221;][vc_raw_html]JTNDYSUyMGhyZWYlM0QlMjJodHRwcyUzQSUyRiUyRnd3dy5kYWxpZm9ybS5jb20lMkZwdC1wdCUyRmNvZnJhZ2VtLXBlcmRpZGEtcGFyYS1waXNvcy1hbGlnZWlyYWRhcy1kZS1iZXRhbyUyRiUyMiUzRSUzQ3ZpZGVvJTIwd2lkdGglM0QlRTIlODAlOUMxMjMwJUUyJTgwJTlEJTIwaGVpZ2h0JTNEJTIyNDMyJTIyJTIwJTIwYXV0b3BsYXklMjBsb29wJTIwbXV0ZWQlM0UlMEElMjAlMjAlM0Nzb3VyY2UlMjBzcmMlM0QlMjJodHRwcyUzQSUyRiUyRnd3dy5kYWxpZm9ybS5jb20lMkZ2aWRlbyUyRmJhbm5lci13ZWJzaXRlLm1wNCUyMiUyMHR5cGUlM0QlMjJ2aWRlbyUyRm1wNCUyMiUzRSUzQyUyRnZpZGVvJTNFJTNDJTJGYSUzRQ==[\/vc_raw_html][\/vc_column][\/vc_row][vc_row row_id=&#8221;HomeReferencesBoxes&#8221; row_type=&#8221;row_full_center_content&#8221; bg_color=&#8221;#eeeeee&#8221;][vc_column][vc_column_text]<\/p>\n<h1 class=\"feature_title\" style=\"text-align: center; color: #ed1d24;\"><strong>SOLU\u00c7\u00d5ES <\/strong>DE CONSTRU\u00c7\u00c3O<\/h1>\n<h5 class=\"feature_sub\" style=\"text-align: center; font-weight: 300;\"><strong>O Daliform Group \u00e9 hoje a empresa l\u00edder na cria\u00e7\u00e3o e produ\u00e7\u00e3o de artefatos em pl\u00e1stico para o mundo da constru\u00e7\u00e3o.<\/strong><\/h5>\n<p>[\/vc_column_text][vc_empty_space height=&#8221;10px&#8221;][\/vc_column][vc_column width=&#8221;1\/3&#8243;][vc_single_image image=&#8221;119069&#8243; img_size=&#8221;full&#8221; alignment=&#8221;center&#8221; style=&#8221;vc_box_border&#8221; border_color=&#8221;white&#8221; onclick=&#8221;custom_link&#8221; link=&#8221;https:\/\/www.daliform.com\/pt-pt\/solucoes-de-construcao\/&#8221; el_class=&#8221;box_image&#8221;][vc_column_text css=&#8221;.vc_custom_1652104916924{margin-top: -20px !important;}&#8221;]<\/p>\n<h3 style=\"text-align: center;\"><a href=\"https:\/\/www.daliform.com\/pt-pt\/solucoes-de-construcao\/\"><span style=\"color: #ed1d24; line-height: 10px;\"><strong>SOLU\u00c7\u00d5ES DE CONSTRU\u00c7\u00c3O<\/strong><\/span><\/a><\/h3>\n<p style=\"text-align: center;\"><a href=\"https:\/\/www.daliform.com\/pt-pt\/solucoes-de-construcao\/\"><span style=\"color: #808080;\"><span style=\"color: #333333;\">Solu\u00e7\u00f5es para cavidades sob o piso ventiladas, funda\u00e7\u00f5es, lajes anuladas, jardins no telhado, superf\u00edcies de cal\u00e7adas, tanques de armazenamento e dispers\u00e3o de \u00e1guas pluviais.<\/span><\/span><\/a><\/p>\n<p>[\/vc_column_text][\/vc_column][vc_column width=&#8221;1\/3&#8243; css=&#8221;.vc_custom_1588925805025{margin: 0px !important;border-width: 0px !important;padding: 0px !important;}&#8221;][vc_single_image image=&#8221;119058&#8243; img_size=&#8221;full&#8221; alignment=&#8221;center&#8221; style=&#8221;vc_box_border&#8221; border_color=&#8221;white&#8221; onclick=&#8221;custom_link&#8221; link=&#8221;https:\/\/www.daliform.com\/pt-pt\/conheca-nossos-produtos-pt\/&#8221; el_class=&#8221;box_image&#8221;][vc_column_text css=&#8221;.vc_custom_1652104974332{margin-top: -20px !important;}&#8221;]<\/p>\n<h3 style=\"text-align: center;\"><a href=\"https:\/\/www.daliform.com\/pt-pt\/conheca-nossos-produtos-pt\/\"><span style=\"color: #ed1d24;\"><strong>PRODUTOS<\/strong><\/span><\/a><\/h3>\n<p style=\"text-align: center;\"><a href=\"https:\/\/www.daliform.com\/pt-pt\/conheca-nossos-produtos-pt\/\"><span style=\"color: #808080;\"><span style=\"color: #333333;\">Cofragem descart\u00e1vel para lajes anuladas, funda\u00e7\u00f5es, lajes leves, telhados verdes, armazenamento de \u00e1guas pluviais e tanques de dispers\u00e3o. Grades de passagem.<\/span><\/span><\/a><\/p>\n<p>[\/vc_column_text][\/vc_column][vc_column width=&#8221;1\/3&#8243;][vc_single_image image=&#8221;119080&#8243; img_size=&#8221;full&#8221; alignment=&#8221;center&#8221; style=&#8221;vc_box_border&#8221; border_color=&#8221;white&#8221; onclick=&#8221;custom_link&#8221; link=&#8221;https:\/\/www.daliform.com\/pt-pt\/departamento-tecnico\/&#8221; el_class=&#8221;box_image&#8221;][vc_column_text css=&#8221;.vc_custom_1652453529650{margin-top: -20px !important;}&#8221;]<\/p>\n<h3 style=\"text-align: center; text-transform: uppercase;\"><a href=\"https:\/\/www.daliform.com\/pt-pt\/departamento-tecnico\/\"><span style=\"color: #ed1d24;\"><strong>DEPARTAMENTO T\u00c9CNICO<\/strong><\/span><\/a><\/h3>\n<p style=\"text-align: center;\"><a href=\"https:\/\/www.daliform.com\/pt-pt\/departamento-tecnico\/\"><span style=\"color: #333333;\">O servi\u00e7o de engenharia est\u00e1 \u00e0 disposi\u00e7\u00e3o dos clientes no que diz respeito ao design, co-design, estudos de viabilidade, an\u00e1lises comparativas e de custos.<\/span><\/a><br \/>\n<a href=\"https:\/\/www.daliform.com\/pt-pt\/bim-bibliotecas-daliform\/\"><span style=\"color: #ed1d24;\">DOWNLOAD BIM FILES<\/span><\/a><\/p>\n<p>[\/vc_column_text][\/vc_column][\/vc_row][vc_row row_type=&#8221;row_full_center_content&#8221; bg_color=&#8221;#ffffff&#8221; padding_top=&#8221;30&#8243; padding_bottom=&#8221;0&#8243;][vc_column width=&#8221;1\/4&#8243; el_class=&#8221;mobile-center&#8221;][vc_column_text]<\/p>\n<h3><span style=\"color: #ed1d24;\"><strong>PROJETOS<\/strong><\/span><\/h3>\n<p>Um conjunto de projetos realizados com os nossos produtos, pensados \u200b\u200bpara satisfazer qualquer pedido de design.<br \/>\nEntre e navegue escolhendo o produto usado ou clicando no mapa.<\/p>\n<p><a href=\"https:\/\/www.daliform.com\/pt-pt\/referencias\/\">VIEW ALL PROJECTS<\/a>[\/vc_column_text][\/vc_column][vc_column width=&#8221;3\/4&#8243;][vc_column_text]<div class='container'><div class='references_boxes'><div class=\"vc_col-sm-4 vc_col-xs-12 reference_box\"><a href=\"https:\/\/www.daliform.com\/pt-pt\/referencias\/tanque-a-prova-de-fogo-para-instalacoes-industriais-margraten-project\/\" target=_self><img src=\"https:\/\/www.daliform.com\/wp-content\/uploads\/2025\/02\/DaliformMargraten-4.webp\" class=\"box_image\"><\/a><h2 class=\"box_title\">Tanque \u00e0 prova de fogo para instala\u00e7\u00f5es industriais - MARGRATEN PROJECT<\/h2><span class=\"box_location\">Margraten - Pa\u00edses Baixos<\/span><br><span class=\"box_products\"><a href=\"https:\/\/www.daliform.com\/atlantis-tank-per-vasche-di-accumulo-o-dispersione\/\" class=\"specific_product_link\">Atlantis Tank<\/a><\/span><\/div><div class=\"vc_col-sm-4 vc_col-xs-12 reference_box\"><a href=\"https:\/\/www.daliform.com\/pt-pt\/referencias\/ghc-hotel-caorle-venice\/\" target=_self><img src=\"https:\/\/www.daliform.com\/wp-content\/uploads\/2020\/11\/caorle-uboot-daliform.jpg\" class=\"box_image\"><\/a><h2 class=\"box_title\">GHC Hotel in Caorle, Venice<\/h2><span class=\"box_location\">Caorle (VE) - Italy<\/span><br><span class=\"box_products\"><a href=\"https:\/\/www.daliform.com\/alleggerimento-per-solai-bidirezionali-in-c-a-gettati-in-opera\/\" class=\"specific_product_link\">U-Boot\u00ae Beton<\/a><\/span><\/div><div class=\"vc_col-sm-4 vc_col-xs-12 reference_box\"><a href=\"https:\/\/www.daliform.com\/pt-pt\/referencias\/construcao-do-hospital-geral-de-cacuaco\/\" target=_self><img src=\"https:\/\/www.daliform.com\/wp-content\/uploads\/2025\/02\/Hospital-Angola.jpg\" class=\"box_image\"><\/a><h2 class=\"box_title\">Constru\u00e7\u00e3o do HOSPITAL GERAL DE CACUACO<\/h2><span class=\"box_location\">Luanda - Angola<\/span><br><span class=\"box_products\"><a href=\"https:\/\/www.daliform.com\/prodotti-edilizia-vespai-ventilati-iglu\/\" class=\"specific_product_link\">Iglu&#8217;\u00ae<\/a><\/span><\/div><div class=\"vc_col-sm-4 vc_col-xs-12 reference_box\"><a href=\"https:\/\/www.daliform.com\/pt-pt\/referencias\/edificio-comercial-e-residencial-lisboa\/\" target=_self><img src=\"https:\/\/www.daliform.com\/wp-content\/uploads\/2025\/02\/Lisbona_commercial-building4.webp\" class=\"box_image\"><\/a><h2 class=\"box_title\">Edif\u00edcio comercial e residencial - LISBOA<\/h2><span class=\"box_location\">Lisboa - Portugal<\/span><br><span class=\"box_products\"><a href=\"https:\/\/www.daliform.com\/alleggerimento-per-solai-bidirezionali-in-c-a-gettati-in-opera\/\" class=\"specific_product_link\">U-Boot\u00ae Beton<\/a><\/span><\/div><div class=\"vc_col-sm-4 vc_col-xs-12 reference_box\"><a href=\"https:\/\/www.daliform.com\/pt-pt\/referencias\/impiana-jaya-complex-shopping-center\/\" target=_self><img src=\"https:\/\/www.daliform.com\/wp-content\/uploads\/2022\/03\/impiana-jaya-complex-building-uboot.jpg\" class=\"box_image\"><\/a><h2 class=\"box_title\">\"Impiana Jaya Complex\" Shopping center<\/h2><span class=\"box_location\">Bandar Seri Begawan - Brunei<\/span><br><span class=\"box_products\"><a href=\"https:\/\/www.daliform.com\/alleggerimento-per-solai-bidirezionali-in-c-a-gettati-in-opera\/\" class=\"specific_product_link\">U-Boot\u00ae Beton<\/a><\/span><\/div><div class=\"vc_col-sm-4 vc_col-xs-12 reference_box\"><a href=\"https:\/\/www.daliform.com\/pt-pt\/referencias\/pandan-perdana-residence-residential-building\/\" target=_self><img src=\"https:\/\/www.daliform.com\/wp-content\/uploads\/2022\/03\/pandan-residence-brunei-daliform-group.jpg\" class=\"box_image\"><\/a><h2 class=\"box_title\">\"Pandan Perdana Residence\" residential building<\/h2><span class=\"box_location\">Kuala Belait - Brunei<\/span><br><span class=\"box_products\"><a href=\"https:\/\/www.daliform.com\/alleggerimento-per-solai-bidirezionali-in-c-a-gettati-in-opera\/\" class=\"specific_product_link\">U-Boot\u00ae Beton<\/a><\/span><\/div><\/div>[\/vc_column_text][\/vc_column][\/vc_row][vc_row row_id=&#8221;HomeReferencesBoxes&#8221; row_type=&#8221;row_full_center_content&#8221; bg_color=&#8221;#eeeeee&#8221;][vc_column]\n\t<div class=\"child-page-wrapper recent-news-wrapper HomeLatestNews\">\n\t\t<h3 class=\"builder-heading\">LATEST NEWS<\/h3>\n\t\t\t\t\t<script type=\"text\/javascript\">\n\t\t\t\t\t\tjQuery(document).ready(function(){\n\t\t\t\t\t\t\t\"use strict\";\n\t\t\t\t\t\t\tjQuery(\".recent-news-carousel-69f1f9560f2b9\").slick({\n\t\t\t\t\t\t\t\trtl: false,\n\t\t\t\t\t\t\t\tslidesToShow: 4,\n\t\t\t\t\t\t\t\tautoplay: false ,\n\t\t                        autoplaySpeed: 3000 ,\n\t\t                        speed: 300 ,\n\t\t\t\t\t\t\t\tslidesToScroll: 1,\n\t\t\t\t\t\t\t\tdraggable: false,\n\t\t\t\t\t\t\t\tprevArrow: \"<span class='carousel-prev'><i class='fa fa-angle-left'><\/i><\/span>\",\n\t\t        \t\t\t\tnextArrow: \"<span class='carousel-next'><i class='fa fa-angle-right'><\/i><\/span>\",\n\t\t        \t\t\t\tresponsive: [{\n\t\t\t\t\t\t\t\t    breakpoint: 1024,\n\t\t\t\t\t\t\t\t    settings: {\n\t\t\t\t\t\t\t\t    slidesToShow: 4\n\t\t\t\t\t\t\t\t    }\n\t\t\t\t\t\t\t\t},\n\t\t\t\t\t\t\t\t{\n\t\t\t\t\t\t\t\t    breakpoint: 600,\n\t\t\t\t\t\t\t\t    settings: {\n\t\t\t\t\t\t\t\t    slidesToShow: 2\n\t\t\t\t\t\t\t\t    }\n\t\t\t\t\t\t\t\t},\n\t\t\t\t\t\t\t\t{\n\t\t\t\t\t\t\t\t    breakpoint: 480,\n\t\t\t\t\t\t\t\t    settings: {\n\t\t\t\t\t\t\t\t    slidesToShow: 1\n\t\t\t\t\t\t\t\t    }\n\t\t\t\t\t\t\t\t}]\n\t\t\t\t\t\t\t});\n\t\t\t\t\t\t});\n\t\t\t\t\t<\/script>\n\t\t\t\t<div class=\"grid-wrapper grid-4-columns grid-row recent-news-carousel-69f1f9560f2b9\">\n\t\t\t\t\t<div class=\"grid-item grid-sm-6 grid-md-3\">\n\t\t\t\t\t\t<div class=\"grid-thumbnail\">\n\t\t\t\t\t\t\t<a href=\"https:\/\/www.daliform.com\/pt-pt\/invariancia-hidraulica-segundo-a-daliform-group\/\" title=\"Invari\u00e2ncia hidr\u00e1ulica segundo a Daliform Group\"><img width=\"600\" height=\"300\" src=\"https:\/\/www.daliform.com\/wp-content\/uploads\/2025\/07\/water-tank-daliform-mestre-600x300.jpg\" class=\"attachment-medium-thumb size-medium-thumb wp-post-image\" alt=\"\" loading=\"lazy\" srcset=\"https:\/\/www.daliform.com\/wp-content\/uploads\/2025\/07\/water-tank-daliform-mestre-600x300.jpg 600w, https:\/\/www.daliform.com\/wp-content\/uploads\/2025\/07\/water-tank-daliform-mestre-400x200.jpg 400w, https:\/\/www.daliform.com\/wp-content\/uploads\/2025\/07\/water-tank-daliform-mestre-800x400.jpg 800w\" sizes=\"(max-width: 600px) 100vw, 600px\" \/><\/a>\n\t\t\t\t\t\t\t<div class=\"timeLabel\"><time class=\"entry-date published updated\" datetime=\"2025-07-10T09:00:48+02:00\">10\/07\/2025<\/time><\/div>\n\t\t\t\t\t\t<\/div>\n\t\t\t\t\t\t<h4 class=\"grid-title\"><a href=\"https:\/\/www.daliform.com\/pt-pt\/invariancia-hidraulica-segundo-a-daliform-group\/\" rel=\"bookmark\">Invari\u00e2ncia hidr\u00e1ulica segundo a Daliform Group<\/a><\/h4>\n\n\t\t\t\t\t\t<p class=\"latestNewsExcerpt\">Nas \u00faltimas d\u00e9cadas, o crescimento descontrolado das \u00e1reas urbanas e a progressiva impermeabiliza\u00e7\u00e3o do solo tiveram impactos...<\/p>\n\n\t\t\t\t\t<\/div>\n\t\t\t\t\t\n\t\t\t\t\t<div class=\"grid-item grid-sm-6 grid-md-3\">\n\t\t\t\t\t\t<div class=\"grid-thumbnail\">\n\t\t\t\t\t\t\t<a href=\"https:\/\/www.daliform.com\/pt-pt\/obtencao-de-pontos-leed-com-produtos-daliform\/\" title=\"Obten\u00e7\u00e3o de pontos Leed com produtos Daliform\"><img width=\"600\" height=\"300\" src=\"https:\/\/www.daliform.com\/wp-content\/uploads\/2025\/06\/Bosco-verticale-600x300.jpg\" class=\"attachment-medium-thumb size-medium-thumb wp-post-image\" alt=\"\" loading=\"lazy\" srcset=\"https:\/\/www.daliform.com\/wp-content\/uploads\/2025\/06\/Bosco-verticale-600x300.jpg 600w, https:\/\/www.daliform.com\/wp-content\/uploads\/2025\/06\/Bosco-verticale-400x200.jpg 400w\" sizes=\"(max-width: 600px) 100vw, 600px\" \/><\/a>\n\t\t\t\t\t\t\t<div class=\"timeLabel\"><time class=\"entry-date published updated\" datetime=\"2025-06-17T10:00:27+02:00\">17\/06\/2025<\/time><\/div>\n\t\t\t\t\t\t<\/div>\n\t\t\t\t\t\t<h4 class=\"grid-title\"><a href=\"https:\/\/www.daliform.com\/pt-pt\/obtencao-de-pontos-leed-com-produtos-daliform\/\" rel=\"bookmark\">Obten\u00e7\u00e3o de pontos Leed com produtos Daliform<\/a><\/h4>\n\n\t\t\t\t\t\t<p class=\"latestNewsExcerpt\">No cen\u00e1rio da constru\u00e7\u00e3o moderna, a sustentabilidade deixou de ser uma op\u00e7\u00e3o para se tornar uma necessidade. Cada vez mais...<\/p>\n\n\t\t\t\t\t<\/div>\n\t\t\t\t\t\n\t\t\t\t\t<div class=\"grid-item grid-sm-6 grid-md-3\">\n\t\t\t\t\t\t<div class=\"grid-thumbnail\">\n\t\t\t\t\t\t\t<a href=\"https:\/\/www.daliform.com\/pt-pt\/easy-ride-a-solucao-perfeita-para-o-setor-equestre\/\" title=\"Easy Ride: A Solu\u00e7\u00e3o Perfeita para o Setor Equestre\"><img width=\"600\" height=\"300\" src=\"https:\/\/www.daliform.com\/wp-content\/uploads\/2025\/02\/amazing-young-cowgirl-sitting-horse-outdoors-600x300.jpg\" class=\"attachment-medium-thumb size-medium-thumb wp-post-image\" alt=\"\" loading=\"lazy\" srcset=\"https:\/\/www.daliform.com\/wp-content\/uploads\/2025\/02\/amazing-young-cowgirl-sitting-horse-outdoors-600x300.jpg 600w, https:\/\/www.daliform.com\/wp-content\/uploads\/2025\/02\/amazing-young-cowgirl-sitting-horse-outdoors-400x200.jpg 400w, https:\/\/www.daliform.com\/wp-content\/uploads\/2025\/02\/amazing-young-cowgirl-sitting-horse-outdoors-800x400.jpg 800w\" sizes=\"(max-width: 600px) 100vw, 600px\" \/><\/a>\n\t\t\t\t\t\t\t<div class=\"timeLabel\"><time class=\"entry-date published updated\" datetime=\"2025-03-12T09:30:20+01:00\">12\/03\/2025<\/time><\/div>\n\t\t\t\t\t\t<\/div>\n\t\t\t\t\t\t<h4 class=\"grid-title\"><a href=\"https:\/\/www.daliform.com\/pt-pt\/easy-ride-a-solucao-perfeita-para-o-setor-equestre\/\" rel=\"bookmark\">Easy Ride: A Solu\u00e7\u00e3o Perfeita para o Setor Equestre<\/a><\/h4>\n\n\t\t\t\t\t\t<p class=\"latestNewsExcerpt\">O bem-estar dos cavalos e de outros animais em instala\u00e7\u00f5es equestres \u00e9 essencial para garantir sua sa\u00fade e desempenho ideal. Um solo bem...<\/p>\n\n\t\t\t\t\t<\/div>\n\t\t\t\t\t\n\t\t\t\t\t<div class=\"grid-item grid-sm-6 grid-md-3\">\n\t\t\t\t\t\t<div class=\"grid-thumbnail\">\n\t\t\t\t\t\t\t<a href=\"https:\/\/www.daliform.com\/pt-pt\/ilhas-de-calor-solucoes-daliform-group\/\" title=\"Ilhas de calor, solu\u00e7\u00f5es Daliform Group\"><img width=\"600\" height=\"300\" src=\"https:\/\/www.daliform.com\/wp-content\/uploads\/2025\/02\/isole-di-calore-EN-600x300.jpg\" class=\"attachment-medium-thumb size-medium-thumb wp-post-image\" alt=\"\" loading=\"lazy\" srcset=\"https:\/\/www.daliform.com\/wp-content\/uploads\/2025\/02\/isole-di-calore-EN-600x300.jpg 600w, https:\/\/www.daliform.com\/wp-content\/uploads\/2025\/02\/isole-di-calore-EN-300x150.jpg 300w, https:\/\/www.daliform.com\/wp-content\/uploads\/2025\/02\/isole-di-calore-EN-1024x512.jpg 1024w, https:\/\/www.daliform.com\/wp-content\/uploads\/2025\/02\/isole-di-calore-EN-768x384.jpg 768w, https:\/\/www.daliform.com\/wp-content\/uploads\/2025\/02\/isole-di-calore-EN-400x200.jpg 400w, https:\/\/www.daliform.com\/wp-content\/uploads\/2025\/02\/isole-di-calore-EN-800x400.jpg 800w, https:\/\/www.daliform.com\/wp-content\/uploads\/2025\/02\/isole-di-calore-EN.jpg 1200w\" sizes=\"(max-width: 600px) 100vw, 600px\" \/><\/a>\n\t\t\t\t\t\t\t<div class=\"timeLabel\"><time class=\"entry-date published updated\" datetime=\"2025-02-12T08:30:58+01:00\">12\/02\/2025<\/time><\/div>\n\t\t\t\t\t\t<\/div>\n\t\t\t\t\t\t<h4 class=\"grid-title\"><a href=\"https:\/\/www.daliform.com\/pt-pt\/ilhas-de-calor-solucoes-daliform-group\/\" rel=\"bookmark\">Ilhas de calor, solu\u00e7\u00f5es Daliform Group<\/a><\/h4>\n\n\t\t\t\t\t\t<p class=\"latestNewsExcerpt\">As ilhas de calor urbanas s\u00e3o um fen\u00f3meno crescente, particularmente evidente em cidades densamente constru\u00eddas, onde as temperaturas nessas...<\/p>\n\n\t\t\t\t\t<\/div>\n\t\t\t\t\t\n\t\t\t\t\t<div class=\"grid-item grid-sm-6 grid-md-3\">\n\t\t\t\t\t\t<div class=\"grid-thumbnail\">\n\t\t\t\t\t\t\t<a href=\"https:\/\/www.daliform.com\/pt-pt\/grupo-daliform-para-a-construcao-ecologica\/\" title=\"GRUPO DALIFORM PARA A CONSTRU\u00c7\u00c3O ECOL\u00d3GICA\"><img width=\"600\" height=\"300\" src=\"https:\/\/www.daliform.com\/wp-content\/uploads\/2025\/01\/edilizia-Green-EN-600x300.jpg\" class=\"attachment-medium-thumb size-medium-thumb wp-post-image\" alt=\"\" loading=\"lazy\" srcset=\"https:\/\/www.daliform.com\/wp-content\/uploads\/2025\/01\/edilizia-Green-EN-600x300.jpg 600w, https:\/\/www.daliform.com\/wp-content\/uploads\/2025\/01\/edilizia-Green-EN-400x200.jpg 400w, https:\/\/www.daliform.com\/wp-content\/uploads\/2025\/01\/edilizia-Green-EN-800x400.jpg 800w\" sizes=\"(max-width: 600px) 100vw, 600px\" \/><\/a>\n\t\t\t\t\t\t\t<div class=\"timeLabel\"><time class=\"entry-date published updated\" datetime=\"2025-01-27T09:00:23+01:00\">27\/01\/2025<\/time><\/div>\n\t\t\t\t\t\t<\/div>\n\t\t\t\t\t\t<h4 class=\"grid-title\"><a href=\"https:\/\/www.daliform.com\/pt-pt\/grupo-daliform-para-a-construcao-ecologica\/\" rel=\"bookmark\">GRUPO DALIFORM PARA A CONSTRU\u00c7\u00c3O ECOL\u00d3GICA<\/a><\/h4>\n\n\t\t\t\t\t\t<p class=\"latestNewsExcerpt\">Num contexto atual de desafios ambientais e clim\u00e1ticos cada vez maiores, a efici\u00eancia dos recursos e a resili\u00eancia dos edif\u00edcios emergem....<\/p>\n\n\t\t\t\t\t<\/div>\n\t\t\t\t\t\n\t\t\t\t\t<div class=\"grid-item grid-sm-6 grid-md-3\">\n\t\t\t\t\t\t<div class=\"grid-thumbnail\">\n\t\t\t\t\t\t\t<a href=\"https:\/\/www.daliform.com\/pt-pt\/daliform-group-esta-presente-na-bau-2025\/\" title=\"Daliform Group est\u00e1 presente na Bau 2025\"><img width=\"600\" height=\"300\" src=\"https:\/\/www.daliform.com\/wp-content\/uploads\/2024\/12\/Daliform_Bau-2025-600x300.jpg\" class=\"attachment-medium-thumb size-medium-thumb wp-post-image\" alt=\"\" loading=\"lazy\" srcset=\"https:\/\/www.daliform.com\/wp-content\/uploads\/2024\/12\/Daliform_Bau-2025-600x300.jpg 600w, https:\/\/www.daliform.com\/wp-content\/uploads\/2024\/12\/Daliform_Bau-2025-300x150.jpg 300w, https:\/\/www.daliform.com\/wp-content\/uploads\/2024\/12\/Daliform_Bau-2025-1024x512.jpg 1024w, https:\/\/www.daliform.com\/wp-content\/uploads\/2024\/12\/Daliform_Bau-2025-768x384.jpg 768w, https:\/\/www.daliform.com\/wp-content\/uploads\/2024\/12\/Daliform_Bau-2025-400x200.jpg 400w, https:\/\/www.daliform.com\/wp-content\/uploads\/2024\/12\/Daliform_Bau-2025-800x400.jpg 800w, https:\/\/www.daliform.com\/wp-content\/uploads\/2024\/12\/Daliform_Bau-2025.jpg 1200w\" sizes=\"(max-width: 600px) 100vw, 600px\" \/><\/a>\n\t\t\t\t\t\t\t<div class=\"timeLabel\"><time class=\"entry-date published updated\" datetime=\"2024-12-10T09:00:23+01:00\">10\/12\/2024<\/time><\/div>\n\t\t\t\t\t\t<\/div>\n\t\t\t\t\t\t<h4 class=\"grid-title\"><a href=\"https:\/\/www.daliform.com\/pt-pt\/daliform-group-esta-presente-na-bau-2025\/\" rel=\"bookmark\">Daliform Group est\u00e1 presente na Bau 2025<\/a><\/h4>\n\n\t\t\t\t\t\t<p class=\"latestNewsExcerpt\">Feira BAU 2025 - Messe M\u00fcnchen - MUNICH 13-17 JANEIRO 2025. Aguardamos a vossa visita no pavilh\u00e3o A1 - Stand 340 <\/p>\n\n\t\t\t\t\t<\/div>\n\t\t\t\t\t\n\t\t\t\t\t<div class=\"grid-item grid-sm-6 grid-md-3\">\n\t\t\t\t\t\t<div class=\"grid-thumbnail\">\n\t\t\t\t\t\t\t<a href=\"https:\/\/www.daliform.com\/pt-pt\/poupanca-e-gestao-da-vegetacao-urbana\/\" title=\"Poupan\u00e7a e gest\u00e3o da vegeta\u00e7\u00e3o urbana\"><img width=\"600\" height=\"300\" src=\"https:\/\/www.daliform.com\/wp-content\/uploads\/2024\/12\/Alantis_antiradici-blog_-600x300.jpg\" class=\"attachment-medium-thumb size-medium-thumb wp-post-image\" alt=\"\" loading=\"lazy\" srcset=\"https:\/\/www.daliform.com\/wp-content\/uploads\/2024\/12\/Alantis_antiradici-blog_-600x300.jpg 600w, https:\/\/www.daliform.com\/wp-content\/uploads\/2024\/12\/Alantis_antiradici-blog_-300x150.jpg 300w, https:\/\/www.daliform.com\/wp-content\/uploads\/2024\/12\/Alantis_antiradici-blog_-1024x512.jpg 1024w, https:\/\/www.daliform.com\/wp-content\/uploads\/2024\/12\/Alantis_antiradici-blog_-768x384.jpg 768w, https:\/\/www.daliform.com\/wp-content\/uploads\/2024\/12\/Alantis_antiradici-blog_-400x200.jpg 400w, https:\/\/www.daliform.com\/wp-content\/uploads\/2024\/12\/Alantis_antiradici-blog_-800x400.jpg 800w, https:\/\/www.daliform.com\/wp-content\/uploads\/2024\/12\/Alantis_antiradici-blog_.jpg 1200w\" sizes=\"(max-width: 600px) 100vw, 600px\" \/><\/a>\n\t\t\t\t\t\t\t<div class=\"timeLabel\"><time class=\"entry-date published updated\" datetime=\"2024-12-04T12:23:22+01:00\">04\/12\/2024<\/time><\/div>\n\t\t\t\t\t\t<\/div>\n\t\t\t\t\t\t<h4 class=\"grid-title\"><a href=\"https:\/\/www.daliform.com\/pt-pt\/poupanca-e-gestao-da-vegetacao-urbana\/\" rel=\"bookmark\">Poupan\u00e7a e gest\u00e3o da vegeta\u00e7\u00e3o urbana<\/a><\/h4>\n\n\t\t\t\t\t\t<p class=\"latestNewsExcerpt\">A gest\u00e3o da vegeta\u00e7\u00e3o urbana \u00e9 essencial no planeamento urbano das cidades modernas. Saber como lidar com o crescimento das ra\u00edzes das \u00e1rvores \u00e9 crucial...<\/p>\n\n\t\t\t\t\t<\/div>\n\t\t\t\t\t\n\t\t\t\t\t<div class=\"grid-item grid-sm-6 grid-md-3\">\n\t\t\t\t\t\t<div class=\"grid-thumbnail\">\n\t\t\t\t\t\t\t<a href=\"https:\/\/www.daliform.com\/pt-pt\/daliform-per-le-smart-city-sostenibilita-ed-efficienza\/\" title=\"Daliform per le Smart City: Sostenibilit\u00e0 ed Efficienza\"><img width=\"600\" height=\"300\" src=\"https:\/\/www.daliform.com\/wp-content\/uploads\/2024\/11\/Smart-City-copertina-600x300.jpg\" class=\"attachment-medium-thumb size-medium-thumb wp-post-image\" alt=\"\" loading=\"lazy\" srcset=\"https:\/\/www.daliform.com\/wp-content\/uploads\/2024\/11\/Smart-City-copertina-600x300.jpg 600w, https:\/\/www.daliform.com\/wp-content\/uploads\/2024\/11\/Smart-City-copertina-400x200.jpg 400w, https:\/\/www.daliform.com\/wp-content\/uploads\/2024\/11\/Smart-City-copertina-800x400.jpg 800w\" sizes=\"(max-width: 600px) 100vw, 600px\" \/><\/a>\n\t\t\t\t\t\t\t<div class=\"timeLabel\"><time class=\"entry-date published updated\" datetime=\"2024-11-21T09:00:29+01:00\">21\/11\/2024<\/time><\/div>\n\t\t\t\t\t\t<\/div>\n\t\t\t\t\t\t<h4 class=\"grid-title\"><a href=\"https:\/\/www.daliform.com\/pt-pt\/daliform-per-le-smart-city-sostenibilita-ed-efficienza\/\" rel=\"bookmark\">Daliform per le Smart City: Sostenibilit\u00e0 ed Efficienza<\/a><\/h4>\n\n\t\t\t\t\t\t<p class=\"latestNewsExcerpt\">Na era das cidades inteligentes, o Daliform Group \u00e9 sin\u00f4nimo de solu\u00e7\u00f5es avan\u00e7adas e sustent\u00e1veis que atendem \u00e0s necessidades das cidades...<\/p>\n\n\t\t\t\t\t<\/div>\n\t\t\t\t\t\n\t\t\t\t\t<div class=\"grid-item grid-sm-6 grid-md-3\">\n\t\t\t\t\t\t<div class=\"grid-thumbnail\">\n\t\t\t\t\t\t\t<a href=\"https:\/\/www.daliform.com\/pt-pt\/rumo-a-um-futuro-mais-verde-e-circular\/\" title=\"Rumo a um futuro mais verde e circular\"><img width=\"600\" height=\"300\" src=\"https:\/\/www.daliform.com\/wp-content\/uploads\/2024\/11\/green_energy-600x300.jpg\" class=\"attachment-medium-thumb size-medium-thumb wp-post-image\" alt=\"\" loading=\"lazy\" srcset=\"https:\/\/www.daliform.com\/wp-content\/uploads\/2024\/11\/green_energy-600x300.jpg 600w, https:\/\/www.daliform.com\/wp-content\/uploads\/2024\/11\/green_energy-300x150.jpg 300w, https:\/\/www.daliform.com\/wp-content\/uploads\/2024\/11\/green_energy-1024x512.jpg 1024w, https:\/\/www.daliform.com\/wp-content\/uploads\/2024\/11\/green_energy-768x384.jpg 768w, https:\/\/www.daliform.com\/wp-content\/uploads\/2024\/11\/green_energy-400x200.jpg 400w, https:\/\/www.daliform.com\/wp-content\/uploads\/2024\/11\/green_energy-800x400.jpg 800w, https:\/\/www.daliform.com\/wp-content\/uploads\/2024\/11\/green_energy.jpg 1200w\" sizes=\"(max-width: 600px) 100vw, 600px\" \/><\/a>\n\t\t\t\t\t\t\t<div class=\"timeLabel\"><time class=\"entry-date published updated\" datetime=\"2024-11-04T09:00:16+01:00\">04\/11\/2024<\/time><\/div>\n\t\t\t\t\t\t<\/div>\n\t\t\t\t\t\t<h4 class=\"grid-title\"><a href=\"https:\/\/www.daliform.com\/pt-pt\/rumo-a-um-futuro-mais-verde-e-circular\/\" rel=\"bookmark\">Rumo a um futuro mais verde e circular<\/a><\/h4>\n\n\t\t\t\t\t\t<p class=\"latestNewsExcerpt\">Em um mundo que enfrenta o desafio das mudan\u00e7as clim\u00e1ticas e da gest\u00e3o respons\u00e1vel dos recursos, n\u00f3s, da Daliform Group, estamos...<\/p>\n\n\t\t\t\t\t<\/div>\n\t\t\t\t\t\n\t\t\t\t\t<div class=\"grid-item grid-sm-6 grid-md-3\">\n\t\t\t\t\t\t<div class=\"grid-thumbnail\">\n\t\t\t\t\t\t\t<a href=\"https:\/\/www.daliform.com\/pt-pt\/camaras-frigorificas-a-importancia-da-conservacao-dos-alimentos\/\" title=\"C\u00e2maras frigor\u00edficas: a import\u00e2ncia da conserva\u00e7\u00e3o dos alimentos\"><img width=\"600\" height=\"300\" src=\"https:\/\/www.daliform.com\/wp-content\/uploads\/2024\/09\/Celle-Frigo_Daliform-600x300.png\" class=\"attachment-medium-thumb size-medium-thumb wp-post-image\" alt=\"\" loading=\"lazy\" srcset=\"https:\/\/www.daliform.com\/wp-content\/uploads\/2024\/09\/Celle-Frigo_Daliform-600x300.png 600w, https:\/\/www.daliform.com\/wp-content\/uploads\/2024\/09\/Celle-Frigo_Daliform-400x200.png 400w, https:\/\/www.daliform.com\/wp-content\/uploads\/2024\/09\/Celle-Frigo_Daliform-800x400.png 800w\" sizes=\"(max-width: 600px) 100vw, 600px\" \/><\/a>\n\t\t\t\t\t\t\t<div class=\"timeLabel\"><time class=\"entry-date published updated\" datetime=\"2024-10-21T09:00:55+02:00\">21\/10\/2024<\/time><\/div>\n\t\t\t\t\t\t<\/div>\n\t\t\t\t\t\t<h4 class=\"grid-title\"><a href=\"https:\/\/www.daliform.com\/pt-pt\/camaras-frigorificas-a-importancia-da-conservacao-dos-alimentos\/\" rel=\"bookmark\">C\u00e2maras frigor\u00edficas: a import\u00e2ncia da conserva\u00e7\u00e3o dos alimentos<\/a><\/h4>\n\n\t\t\t\t\t\t<p class=\"latestNewsExcerpt\">As c\u00e2maras frigor\u00edficas (cold rooms) desempenham um papel fundamental na conserva\u00e7\u00e3o ideal dos alimentos, garantindo que os produtos perec\u00edveis...<\/p>\n\n\t\t\t\t\t<\/div>\n\t\t\t\t\t\n\t\t\t\t<\/div>\n\t<\/div>[\/vc_column][\/vc_row][vc_row row_type=&#8221;row_full_center_content&#8221; bg_color=&#8221;#ffffff&#8221; row_meta_color=&#8221;false&#8221; row_color_overlay=&#8221;#ffffff&#8221; padding_top=&#8221;50&#8243;][vc_column][vc_column_text]<\/p>\n<p style=\"text-align: center;\"><a href=\"https:\/\/www.daliform.com\/wp-content\/uploads\/\" rel=\"attachment wp-att-7973\"><img class=\"alignnone size-full wp-image-32845\" src=\"https:\/\/www.daliform.com\/wp-content\/uploads\/\" alt=\"gbc-daliform\" width=\"96\" height=\"89\" \/><\/a><\/p>\n<h3 class=\"text-center margintop\" style=\"text-align: center; font-weight: 400;\">TODOS OS PRODUTOS DALIFORM GROUP CONTRIBUEM A OBTEN\u00c7\u00c3O DE PONTOS LEED<sup>\u00ae<\/sup><\/h3>\n<p>[\/vc_column_text][\/vc_column][\/vc_row]<\/p>\n","protected":false},"excerpt":{"rendered":"<p>Solu\u00e7\u00f5es para v\u00e3o arejado, v\u00e3os arejados, lajes anuladas, laje leve, paver de protec\u00e7\u00e3o do gramado, tanques de armazenamento e dispers\u00e3o de \u00e1guas pluviais.<\/p>\n","protected":false},"author":1,"featured_media":33801,"parent":0,"menu_order":11,"comment_status":"closed","ping_status":"closed","template":"","meta":[],"acf":[],"aioseo_notices":[],"_links":{"self":[{"href":"https:\/\/www.daliform.com\/pt-pt\/wp-json\/wp\/v2\/pages\/70956"}],"collection":[{"href":"https:\/\/www.daliform.com\/pt-pt\/wp-json\/wp\/v2\/pages"}],"about":[{"href":"https:\/\/www.daliform.com\/pt-pt\/wp-json\/wp\/v2\/types\/page"}],"author":[{"embeddable":true,"href":"https:\/\/www.daliform.com\/pt-pt\/wp-json\/wp\/v2\/users\/1"}],"replies":[{"embeddable":true,"href":"https:\/\/www.daliform.com\/pt-pt\/wp-json\/wp\/v2\/comments?post=70956"}],"version-history":[{"count":10,"href":"https:\/\/www.daliform.com\/pt-pt\/wp-json\/wp\/v2\/pages\/70956\/revisions"}],"predecessor-version":[{"id":126260,"href":"https:\/\/www.daliform.com\/pt-pt\/wp-json\/wp\/v2\/pages\/70956\/revisions\/126260"}],"wp:featuredmedia":[{"embeddable":true,"href":"https:\/\/www.daliform.com\/pt-pt\/wp-json\/wp\/v2\/media\/33801"}],"wp:attachment":[{"href":"https:\/\/www.daliform.com\/pt-pt\/wp-json\/wp\/v2\/media?parent=70956"}],"curies":[{"name":"wp","href":"https:\/\/api.w.org\/{rel}","templated":true}]}}