{"id":70076,"date":"2016-07-14T15:35:40","date_gmt":"2016-07-14T13:35:40","guid":{"rendered":"https:\/\/www.daliform.com\/?page_id=70076"},"modified":"2022-10-14T10:27:41","modified_gmt":"2022-10-14T08:27:41","slug":"news","status":"publish","type":"page","link":"https:\/\/www.daliform.com\/pt-pt\/news\/","title":{"rendered":"Blog"},"content":{"rendered":"<p>[vc_row][vc_column]\n\t<div class=\"child-page-wrapper recent-news-wrapper HomeLatestNews\">\n\t\t\t\t<div class=\"grid-wrapper grid-4-columns grid-row \">\n\t\t\t\t\t<div class=\"grid-item grid-sm-6 grid-md-3\">\n\t\t\t\t\t\t<div class=\"grid-thumbnail\">\n\t\t\t\t\t\t\t<a href=\"https:\/\/www.daliform.com\/pt-pt\/invariancia-hidraulica-segundo-a-daliform-group\/\" title=\"Invari\u00e2ncia hidr\u00e1ulica segundo a Daliform Group\"><img width=\"600\" height=\"300\" src=\"https:\/\/www.daliform.com\/wp-content\/uploads\/2025\/07\/water-tank-daliform-mestre-600x300.jpg\" class=\"attachment-medium-thumb size-medium-thumb wp-post-image\" alt=\"\" loading=\"lazy\" srcset=\"https:\/\/www.daliform.com\/wp-content\/uploads\/2025\/07\/water-tank-daliform-mestre-600x300.jpg 600w, https:\/\/www.daliform.com\/wp-content\/uploads\/2025\/07\/water-tank-daliform-mestre-400x200.jpg 400w, https:\/\/www.daliform.com\/wp-content\/uploads\/2025\/07\/water-tank-daliform-mestre-800x400.jpg 800w\" sizes=\"(max-width: 600px) 100vw, 600px\" \/><\/a>\n\t\t\t\t\t\t\t<div class=\"timeLabel\"><time class=\"entry-date published updated\" datetime=\"2025-07-10T09:00:48+02:00\">10\/07\/2025<\/time><\/div>\n\t\t\t\t\t\t<\/div>\n\t\t\t\t\t\t<h4 class=\"grid-title\"><a href=\"https:\/\/www.daliform.com\/pt-pt\/invariancia-hidraulica-segundo-a-daliform-group\/\" rel=\"bookmark\">Invari\u00e2ncia hidr\u00e1ulica segundo a Daliform Group<\/a><\/h4>\n\n\t\t\t\t\t\t<p class=\"latestNewsExcerpt\">Nas \u00faltimas d\u00e9cadas, o crescimento descontrolado das \u00e1reas urbanas e a progressiva impermeabiliza\u00e7\u00e3o do solo tiveram impactos...<\/p>\n\n\t\t\t\t\t<\/div>\n\t\t\t\t\t\n\t\t\t\t\t<div class=\"grid-item grid-sm-6 grid-md-3\">\n\t\t\t\t\t\t<div class=\"grid-thumbnail\">\n\t\t\t\t\t\t\t<a href=\"https:\/\/www.daliform.com\/pt-pt\/obtencao-de-pontos-leed-com-produtos-daliform\/\" title=\"Obten\u00e7\u00e3o de pontos Leed com produtos Daliform\"><img width=\"600\" height=\"300\" src=\"https:\/\/www.daliform.com\/wp-content\/uploads\/2025\/06\/Bosco-verticale-600x300.jpg\" class=\"attachment-medium-thumb size-medium-thumb wp-post-image\" alt=\"\" loading=\"lazy\" srcset=\"https:\/\/www.daliform.com\/wp-content\/uploads\/2025\/06\/Bosco-verticale-600x300.jpg 600w, https:\/\/www.daliform.com\/wp-content\/uploads\/2025\/06\/Bosco-verticale-400x200.jpg 400w\" sizes=\"(max-width: 600px) 100vw, 600px\" \/><\/a>\n\t\t\t\t\t\t\t<div class=\"timeLabel\"><time class=\"entry-date published updated\" datetime=\"2025-06-17T10:00:27+02:00\">17\/06\/2025<\/time><\/div>\n\t\t\t\t\t\t<\/div>\n\t\t\t\t\t\t<h4 class=\"grid-title\"><a href=\"https:\/\/www.daliform.com\/pt-pt\/obtencao-de-pontos-leed-com-produtos-daliform\/\" rel=\"bookmark\">Obten\u00e7\u00e3o de pontos Leed com produtos Daliform<\/a><\/h4>\n\n\t\t\t\t\t\t<p class=\"latestNewsExcerpt\">No cen\u00e1rio da constru\u00e7\u00e3o moderna, a sustentabilidade deixou de ser uma op\u00e7\u00e3o para se tornar uma necessidade. Cada vez mais...<\/p>\n\n\t\t\t\t\t<\/div>\n\t\t\t\t\t\n\t\t\t\t\t<div class=\"grid-item grid-sm-6 grid-md-3\">\n\t\t\t\t\t\t<div class=\"grid-thumbnail\">\n\t\t\t\t\t\t\t<a href=\"https:\/\/www.daliform.com\/pt-pt\/easy-ride-a-solucao-perfeita-para-o-setor-equestre\/\" title=\"Easy Ride: A Solu\u00e7\u00e3o Perfeita para o Setor Equestre\"><img width=\"600\" height=\"300\" src=\"https:\/\/www.daliform.com\/wp-content\/uploads\/2025\/02\/amazing-young-cowgirl-sitting-horse-outdoors-600x300.jpg\" class=\"attachment-medium-thumb size-medium-thumb wp-post-image\" alt=\"\" loading=\"lazy\" srcset=\"https:\/\/www.daliform.com\/wp-content\/uploads\/2025\/02\/amazing-young-cowgirl-sitting-horse-outdoors-600x300.jpg 600w, https:\/\/www.daliform.com\/wp-content\/uploads\/2025\/02\/amazing-young-cowgirl-sitting-horse-outdoors-400x200.jpg 400w, https:\/\/www.daliform.com\/wp-content\/uploads\/2025\/02\/amazing-young-cowgirl-sitting-horse-outdoors-800x400.jpg 800w\" sizes=\"(max-width: 600px) 100vw, 600px\" \/><\/a>\n\t\t\t\t\t\t\t<div class=\"timeLabel\"><time class=\"entry-date published updated\" datetime=\"2025-03-12T09:30:20+01:00\">12\/03\/2025<\/time><\/div>\n\t\t\t\t\t\t<\/div>\n\t\t\t\t\t\t<h4 class=\"grid-title\"><a href=\"https:\/\/www.daliform.com\/pt-pt\/easy-ride-a-solucao-perfeita-para-o-setor-equestre\/\" rel=\"bookmark\">Easy Ride: A Solu\u00e7\u00e3o Perfeita para o Setor Equestre<\/a><\/h4>\n\n\t\t\t\t\t\t<p class=\"latestNewsExcerpt\">O bem-estar dos cavalos e de outros animais em instala\u00e7\u00f5es equestres \u00e9 essencial para garantir sua sa\u00fade e desempenho ideal. Um solo bem...<\/p>\n\n\t\t\t\t\t<\/div>\n\t\t\t\t\t\n\t\t\t\t\t<div class=\"grid-item grid-sm-6 grid-md-3\">\n\t\t\t\t\t\t<div class=\"grid-thumbnail\">\n\t\t\t\t\t\t\t<a href=\"https:\/\/www.daliform.com\/pt-pt\/ilhas-de-calor-solucoes-daliform-group\/\" title=\"Ilhas de calor, solu\u00e7\u00f5es Daliform Group\"><img width=\"600\" height=\"300\" src=\"https:\/\/www.daliform.com\/wp-content\/uploads\/2025\/02\/isole-di-calore-EN-600x300.jpg\" class=\"attachment-medium-thumb size-medium-thumb wp-post-image\" alt=\"\" loading=\"lazy\" srcset=\"https:\/\/www.daliform.com\/wp-content\/uploads\/2025\/02\/isole-di-calore-EN-600x300.jpg 600w, https:\/\/www.daliform.com\/wp-content\/uploads\/2025\/02\/isole-di-calore-EN-300x150.jpg 300w, https:\/\/www.daliform.com\/wp-content\/uploads\/2025\/02\/isole-di-calore-EN-1024x512.jpg 1024w, https:\/\/www.daliform.com\/wp-content\/uploads\/2025\/02\/isole-di-calore-EN-768x384.jpg 768w, https:\/\/www.daliform.com\/wp-content\/uploads\/2025\/02\/isole-di-calore-EN-400x200.jpg 400w, https:\/\/www.daliform.com\/wp-content\/uploads\/2025\/02\/isole-di-calore-EN-800x400.jpg 800w, https:\/\/www.daliform.com\/wp-content\/uploads\/2025\/02\/isole-di-calore-EN.jpg 1200w\" sizes=\"(max-width: 600px) 100vw, 600px\" \/><\/a>\n\t\t\t\t\t\t\t<div class=\"timeLabel\"><time class=\"entry-date published updated\" datetime=\"2025-02-12T08:30:58+01:00\">12\/02\/2025<\/time><\/div>\n\t\t\t\t\t\t<\/div>\n\t\t\t\t\t\t<h4 class=\"grid-title\"><a href=\"https:\/\/www.daliform.com\/pt-pt\/ilhas-de-calor-solucoes-daliform-group\/\" rel=\"bookmark\">Ilhas de calor, solu\u00e7\u00f5es Daliform Group<\/a><\/h4>\n\n\t\t\t\t\t\t<p class=\"latestNewsExcerpt\">As ilhas de calor urbanas s\u00e3o um fen\u00f3meno crescente, particularmente evidente em cidades densamente constru\u00eddas, onde as temperaturas nessas...<\/p>\n\n\t\t\t\t\t<\/div>\n\t\t\t\t\t\n\t\t\t\t\t\t<div class=\"clear\"><\/div>\n\t\t\t\t\t<div class=\"grid-item grid-sm-6 grid-md-3\">\n\t\t\t\t\t\t<div class=\"grid-thumbnail\">\n\t\t\t\t\t\t\t<a href=\"https:\/\/www.daliform.com\/pt-pt\/grupo-daliform-para-a-construcao-ecologica\/\" title=\"GRUPO DALIFORM PARA A CONSTRU\u00c7\u00c3O ECOL\u00d3GICA\"><img width=\"600\" height=\"300\" src=\"https:\/\/www.daliform.com\/wp-content\/uploads\/2025\/01\/edilizia-Green-EN-600x300.jpg\" class=\"attachment-medium-thumb size-medium-thumb wp-post-image\" alt=\"\" loading=\"lazy\" srcset=\"https:\/\/www.daliform.com\/wp-content\/uploads\/2025\/01\/edilizia-Green-EN-600x300.jpg 600w, https:\/\/www.daliform.com\/wp-content\/uploads\/2025\/01\/edilizia-Green-EN-400x200.jpg 400w, https:\/\/www.daliform.com\/wp-content\/uploads\/2025\/01\/edilizia-Green-EN-800x400.jpg 800w\" sizes=\"(max-width: 600px) 100vw, 600px\" \/><\/a>\n\t\t\t\t\t\t\t<div class=\"timeLabel\"><time class=\"entry-date published updated\" datetime=\"2025-01-27T09:00:23+01:00\">27\/01\/2025<\/time><\/div>\n\t\t\t\t\t\t<\/div>\n\t\t\t\t\t\t<h4 class=\"grid-title\"><a href=\"https:\/\/www.daliform.com\/pt-pt\/grupo-daliform-para-a-construcao-ecologica\/\" rel=\"bookmark\">GRUPO DALIFORM PARA A CONSTRU\u00c7\u00c3O ECOL\u00d3GICA<\/a><\/h4>\n\n\t\t\t\t\t\t<p class=\"latestNewsExcerpt\">Num contexto atual de desafios ambientais e clim\u00e1ticos cada vez maiores, a efici\u00eancia dos recursos e a resili\u00eancia dos edif\u00edcios emergem....<\/p>\n\n\t\t\t\t\t<\/div>\n\t\t\t\t\t\n\t\t\t\t\t<div class=\"grid-item grid-sm-6 grid-md-3\">\n\t\t\t\t\t\t<div class=\"grid-thumbnail\">\n\t\t\t\t\t\t\t<a href=\"https:\/\/www.daliform.com\/pt-pt\/daliform-group-esta-presente-na-bau-2025\/\" title=\"Daliform Group est\u00e1 presente na Bau 2025\"><img width=\"600\" height=\"300\" src=\"https:\/\/www.daliform.com\/wp-content\/uploads\/2024\/12\/Daliform_Bau-2025-600x300.jpg\" class=\"attachment-medium-thumb size-medium-thumb wp-post-image\" alt=\"\" loading=\"lazy\" srcset=\"https:\/\/www.daliform.com\/wp-content\/uploads\/2024\/12\/Daliform_Bau-2025-600x300.jpg 600w, https:\/\/www.daliform.com\/wp-content\/uploads\/2024\/12\/Daliform_Bau-2025-300x150.jpg 300w, https:\/\/www.daliform.com\/wp-content\/uploads\/2024\/12\/Daliform_Bau-2025-1024x512.jpg 1024w, https:\/\/www.daliform.com\/wp-content\/uploads\/2024\/12\/Daliform_Bau-2025-768x384.jpg 768w, https:\/\/www.daliform.com\/wp-content\/uploads\/2024\/12\/Daliform_Bau-2025-400x200.jpg 400w, https:\/\/www.daliform.com\/wp-content\/uploads\/2024\/12\/Daliform_Bau-2025-800x400.jpg 800w, https:\/\/www.daliform.com\/wp-content\/uploads\/2024\/12\/Daliform_Bau-2025.jpg 1200w\" sizes=\"(max-width: 600px) 100vw, 600px\" \/><\/a>\n\t\t\t\t\t\t\t<div class=\"timeLabel\"><time class=\"entry-date published updated\" datetime=\"2024-12-10T09:00:23+01:00\">10\/12\/2024<\/time><\/div>\n\t\t\t\t\t\t<\/div>\n\t\t\t\t\t\t<h4 class=\"grid-title\"><a href=\"https:\/\/www.daliform.com\/pt-pt\/daliform-group-esta-presente-na-bau-2025\/\" rel=\"bookmark\">Daliform Group est\u00e1 presente na Bau 2025<\/a><\/h4>\n\n\t\t\t\t\t\t<p class=\"latestNewsExcerpt\">Feira BAU 2025 - Messe M\u00fcnchen - MUNICH 13-17 JANEIRO 2025. Aguardamos a vossa visita no pavilh\u00e3o A1 - Stand 340 <\/p>\n\n\t\t\t\t\t<\/div>\n\t\t\t\t\t\n\t\t\t\t\t<div class=\"grid-item grid-sm-6 grid-md-3\">\n\t\t\t\t\t\t<div class=\"grid-thumbnail\">\n\t\t\t\t\t\t\t<a href=\"https:\/\/www.daliform.com\/pt-pt\/poupanca-e-gestao-da-vegetacao-urbana\/\" title=\"Poupan\u00e7a e gest\u00e3o da vegeta\u00e7\u00e3o urbana\"><img width=\"600\" height=\"300\" src=\"https:\/\/www.daliform.com\/wp-content\/uploads\/2024\/12\/Alantis_antiradici-blog_-600x300.jpg\" class=\"attachment-medium-thumb size-medium-thumb wp-post-image\" alt=\"\" loading=\"lazy\" srcset=\"https:\/\/www.daliform.com\/wp-content\/uploads\/2024\/12\/Alantis_antiradici-blog_-600x300.jpg 600w, https:\/\/www.daliform.com\/wp-content\/uploads\/2024\/12\/Alantis_antiradici-blog_-300x150.jpg 300w, https:\/\/www.daliform.com\/wp-content\/uploads\/2024\/12\/Alantis_antiradici-blog_-1024x512.jpg 1024w, https:\/\/www.daliform.com\/wp-content\/uploads\/2024\/12\/Alantis_antiradici-blog_-768x384.jpg 768w, https:\/\/www.daliform.com\/wp-content\/uploads\/2024\/12\/Alantis_antiradici-blog_-400x200.jpg 400w, https:\/\/www.daliform.com\/wp-content\/uploads\/2024\/12\/Alantis_antiradici-blog_-800x400.jpg 800w, https:\/\/www.daliform.com\/wp-content\/uploads\/2024\/12\/Alantis_antiradici-blog_.jpg 1200w\" sizes=\"(max-width: 600px) 100vw, 600px\" \/><\/a>\n\t\t\t\t\t\t\t<div class=\"timeLabel\"><time class=\"entry-date published updated\" datetime=\"2024-12-04T12:23:22+01:00\">04\/12\/2024<\/time><\/div>\n\t\t\t\t\t\t<\/div>\n\t\t\t\t\t\t<h4 class=\"grid-title\"><a href=\"https:\/\/www.daliform.com\/pt-pt\/poupanca-e-gestao-da-vegetacao-urbana\/\" rel=\"bookmark\">Poupan\u00e7a e gest\u00e3o da vegeta\u00e7\u00e3o urbana<\/a><\/h4>\n\n\t\t\t\t\t\t<p class=\"latestNewsExcerpt\">A gest\u00e3o da vegeta\u00e7\u00e3o urbana \u00e9 essencial no planeamento urbano das cidades modernas. Saber como lidar com o crescimento das ra\u00edzes das \u00e1rvores \u00e9 crucial...<\/p>\n\n\t\t\t\t\t<\/div>\n\t\t\t\t\t\n\t\t\t\t\t<div class=\"grid-item grid-sm-6 grid-md-3\">\n\t\t\t\t\t\t<div class=\"grid-thumbnail\">\n\t\t\t\t\t\t\t<a href=\"https:\/\/www.daliform.com\/pt-pt\/daliform-per-le-smart-city-sostenibilita-ed-efficienza\/\" title=\"Daliform per le Smart City: Sostenibilit\u00e0 ed Efficienza\"><img width=\"600\" height=\"300\" src=\"https:\/\/www.daliform.com\/wp-content\/uploads\/2024\/11\/Smart-City-copertina-600x300.jpg\" class=\"attachment-medium-thumb size-medium-thumb wp-post-image\" alt=\"\" loading=\"lazy\" srcset=\"https:\/\/www.daliform.com\/wp-content\/uploads\/2024\/11\/Smart-City-copertina-600x300.jpg 600w, https:\/\/www.daliform.com\/wp-content\/uploads\/2024\/11\/Smart-City-copertina-400x200.jpg 400w, https:\/\/www.daliform.com\/wp-content\/uploads\/2024\/11\/Smart-City-copertina-800x400.jpg 800w\" sizes=\"(max-width: 600px) 100vw, 600px\" \/><\/a>\n\t\t\t\t\t\t\t<div class=\"timeLabel\"><time class=\"entry-date published updated\" datetime=\"2024-11-21T09:00:29+01:00\">21\/11\/2024<\/time><\/div>\n\t\t\t\t\t\t<\/div>\n\t\t\t\t\t\t<h4 class=\"grid-title\"><a href=\"https:\/\/www.daliform.com\/pt-pt\/daliform-per-le-smart-city-sostenibilita-ed-efficienza\/\" rel=\"bookmark\">Daliform per le Smart City: Sostenibilit\u00e0 ed Efficienza<\/a><\/h4>\n\n\t\t\t\t\t\t<p class=\"latestNewsExcerpt\">Na era das cidades inteligentes, o Daliform Group \u00e9 sin\u00f4nimo de solu\u00e7\u00f5es avan\u00e7adas e sustent\u00e1veis que atendem \u00e0s necessidades das cidades...<\/p>\n\n\t\t\t\t\t<\/div>\n\t\t\t\t\t\n\t\t\t\t\t\t<div class=\"clear\"><\/div>\n\t\t\t\t\t<div class=\"grid-item grid-sm-6 grid-md-3\">\n\t\t\t\t\t\t<div class=\"grid-thumbnail\">\n\t\t\t\t\t\t\t<a href=\"https:\/\/www.daliform.com\/pt-pt\/rumo-a-um-futuro-mais-verde-e-circular\/\" title=\"Rumo a um futuro mais verde e circular\"><img width=\"600\" height=\"300\" src=\"https:\/\/www.daliform.com\/wp-content\/uploads\/2024\/11\/green_energy-600x300.jpg\" class=\"attachment-medium-thumb size-medium-thumb wp-post-image\" alt=\"\" loading=\"lazy\" srcset=\"https:\/\/www.daliform.com\/wp-content\/uploads\/2024\/11\/green_energy-600x300.jpg 600w, https:\/\/www.daliform.com\/wp-content\/uploads\/2024\/11\/green_energy-300x150.jpg 300w, https:\/\/www.daliform.com\/wp-content\/uploads\/2024\/11\/green_energy-1024x512.jpg 1024w, https:\/\/www.daliform.com\/wp-content\/uploads\/2024\/11\/green_energy-768x384.jpg 768w, https:\/\/www.daliform.com\/wp-content\/uploads\/2024\/11\/green_energy-400x200.jpg 400w, https:\/\/www.daliform.com\/wp-content\/uploads\/2024\/11\/green_energy-800x400.jpg 800w, https:\/\/www.daliform.com\/wp-content\/uploads\/2024\/11\/green_energy.jpg 1200w\" sizes=\"(max-width: 600px) 100vw, 600px\" \/><\/a>\n\t\t\t\t\t\t\t<div class=\"timeLabel\"><time class=\"entry-date published updated\" datetime=\"2024-11-04T09:00:16+01:00\">04\/11\/2024<\/time><\/div>\n\t\t\t\t\t\t<\/div>\n\t\t\t\t\t\t<h4 class=\"grid-title\"><a href=\"https:\/\/www.daliform.com\/pt-pt\/rumo-a-um-futuro-mais-verde-e-circular\/\" rel=\"bookmark\">Rumo a um futuro mais verde e circular<\/a><\/h4>\n\n\t\t\t\t\t\t<p class=\"latestNewsExcerpt\">Em um mundo que enfrenta o desafio das mudan\u00e7as clim\u00e1ticas e da gest\u00e3o respons\u00e1vel dos recursos, n\u00f3s, da Daliform Group, estamos...<\/p>\n\n\t\t\t\t\t<\/div>\n\t\t\t\t\t\n\t\t\t\t\t<div class=\"grid-item grid-sm-6 grid-md-3\">\n\t\t\t\t\t\t<div class=\"grid-thumbnail\">\n\t\t\t\t\t\t\t<a href=\"https:\/\/www.daliform.com\/pt-pt\/camaras-frigorificas-a-importancia-da-conservacao-dos-alimentos\/\" title=\"C\u00e2maras frigor\u00edficas: a import\u00e2ncia da conserva\u00e7\u00e3o dos alimentos\"><img width=\"600\" height=\"300\" src=\"https:\/\/www.daliform.com\/wp-content\/uploads\/2024\/09\/Celle-Frigo_Daliform-600x300.png\" class=\"attachment-medium-thumb size-medium-thumb wp-post-image\" alt=\"\" loading=\"lazy\" srcset=\"https:\/\/www.daliform.com\/wp-content\/uploads\/2024\/09\/Celle-Frigo_Daliform-600x300.png 600w, https:\/\/www.daliform.com\/wp-content\/uploads\/2024\/09\/Celle-Frigo_Daliform-400x200.png 400w, https:\/\/www.daliform.com\/wp-content\/uploads\/2024\/09\/Celle-Frigo_Daliform-800x400.png 800w\" sizes=\"(max-width: 600px) 100vw, 600px\" \/><\/a>\n\t\t\t\t\t\t\t<div class=\"timeLabel\"><time class=\"entry-date published updated\" datetime=\"2024-10-21T09:00:55+02:00\">21\/10\/2024<\/time><\/div>\n\t\t\t\t\t\t<\/div>\n\t\t\t\t\t\t<h4 class=\"grid-title\"><a href=\"https:\/\/www.daliform.com\/pt-pt\/camaras-frigorificas-a-importancia-da-conservacao-dos-alimentos\/\" rel=\"bookmark\">C\u00e2maras frigor\u00edficas: a import\u00e2ncia da conserva\u00e7\u00e3o dos alimentos<\/a><\/h4>\n\n\t\t\t\t\t\t<p class=\"latestNewsExcerpt\">As c\u00e2maras frigor\u00edficas (cold rooms) desempenham um papel fundamental na conserva\u00e7\u00e3o ideal dos alimentos, garantindo que os produtos perec\u00edveis...<\/p>\n\n\t\t\t\t\t<\/div>\n\t\t\t\t\t\n\t\t\t\t\t<div class=\"grid-item grid-sm-6 grid-md-3\">\n\t\t\t\t\t\t<div class=\"grid-thumbnail\">\n\t\t\t\t\t\t\t<a href=\"https:\/\/www.daliform.com\/pt-pt\/edificios-subterraneos-com-iglu-green-roof\/\" title=\"EDIF\u00cdCIOS SUBTERR\u00c2NEOS: IGLU\u2019\u00ae GREEN ROOF\"><img width=\"600\" height=\"300\" src=\"https:\/\/www.daliform.com\/wp-content\/uploads\/2024\/10\/EDIFICI-IPOGEI_GLUCK-600x300.png\" class=\"attachment-medium-thumb size-medium-thumb wp-post-image\" alt=\"Tetti Verdi Daliform\" loading=\"lazy\" srcset=\"https:\/\/www.daliform.com\/wp-content\/uploads\/2024\/10\/EDIFICI-IPOGEI_GLUCK-600x300.png 600w, https:\/\/www.daliform.com\/wp-content\/uploads\/2024\/10\/EDIFICI-IPOGEI_GLUCK-400x200.png 400w, https:\/\/www.daliform.com\/wp-content\/uploads\/2024\/10\/EDIFICI-IPOGEI_GLUCK-800x400.png 800w\" sizes=\"(max-width: 600px) 100vw, 600px\" \/><\/a>\n\t\t\t\t\t\t\t<div class=\"timeLabel\"><time class=\"entry-date published updated\" datetime=\"2024-10-01T09:00:34+02:00\">01\/10\/2024<\/time><\/div>\n\t\t\t\t\t\t<\/div>\n\t\t\t\t\t\t<h4 class=\"grid-title\"><a href=\"https:\/\/www.daliform.com\/pt-pt\/edificios-subterraneos-com-iglu-green-roof\/\" rel=\"bookmark\">EDIF\u00cdCIOS SUBTERR\u00c2NEOS: IGLU\u2019\u00ae GREEN ROOF<\/a><\/h4>\n\n\t\t\t\t\t\t<p class=\"latestNewsExcerpt\">Desde a d\u00e9cada de 1970, a bioarquitetura tem explorado o tema das edifica\u00e7\u00f5es subterr\u00e2neas, considerando aspectos como a redu\u00e7\u00e3o da pegada ecol\u00f3gica...<\/p>\n\n\t\t\t\t\t<\/div>\n\t\t\t\t\t\n\t\t\t\t\t<div class=\"grid-item grid-sm-6 grid-md-3\">\n\t\t\t\t\t\t<div class=\"grid-thumbnail\">\n\t\t\t\t\t\t\t<a href=\"https:\/\/www.daliform.com\/pt-pt\/regeneracao-urbana-o-antigo-mercado-de-frutas-e-legumes-de-genova-uma-historia-de-renascimento\/\" title=\"REGENERA\u00c7\u00c3O URBANA: O antigo mercado de frutas e legumes de G\u00e9nova, uma hist\u00f3ria de renascimento\"><img width=\"600\" height=\"300\" src=\"https:\/\/www.daliform.com\/wp-content\/uploads\/2024\/07\/1_Riqualificazione-ex-mercato-ortofrutticolo-Genova-600x300.png\" class=\"attachment-medium-thumb size-medium-thumb wp-post-image\" alt=\"Riqualificazione e Sostenibilit\u00e0\" loading=\"lazy\" srcset=\"https:\/\/www.daliform.com\/wp-content\/uploads\/2024\/07\/1_Riqualificazione-ex-mercato-ortofrutticolo-Genova-600x300.png 600w, https:\/\/www.daliform.com\/wp-content\/uploads\/2024\/07\/1_Riqualificazione-ex-mercato-ortofrutticolo-Genova-400x200.png 400w, https:\/\/www.daliform.com\/wp-content\/uploads\/2024\/07\/1_Riqualificazione-ex-mercato-ortofrutticolo-Genova-800x400.png 800w\" sizes=\"(max-width: 600px) 100vw, 600px\" \/><\/a>\n\t\t\t\t\t\t\t<div class=\"timeLabel\"><time class=\"entry-date published updated\" datetime=\"2024-09-19T09:00:41+02:00\">19\/09\/2024<\/time><\/div>\n\t\t\t\t\t\t<\/div>\n\t\t\t\t\t\t<h4 class=\"grid-title\"><a href=\"https:\/\/www.daliform.com\/pt-pt\/regeneracao-urbana-o-antigo-mercado-de-frutas-e-legumes-de-genova-uma-historia-de-renascimento\/\" rel=\"bookmark\">REGENERA\u00c7\u00c3O URBANA: O antigo mercado de frutas e legumes de G\u00e9nova, uma hist\u00f3ria de renascimento<\/a><\/h4>\n\n\t\t\t\t\t\t<p class=\"latestNewsExcerpt\">O antigo mercado de frutas e legumes de G\u00e9nova \u00e9 um caso de estudo ideal para compreender a import\u00e2ncia da regenera\u00e7\u00e3o urbana.<\/p>\n\n\t\t\t\t\t<\/div>\n\t\t\t\t\t\n\t\t\t\t\t\t<div class=\"clear\"><\/div>\n\t\t\t\t\t<div class=\"grid-item grid-sm-6 grid-md-3\">\n\t\t\t\t\t\t<div class=\"grid-thumbnail\">\n\t\t\t\t\t\t\t<a href=\"https:\/\/www.daliform.com\/pt-pt\/construcao-com-produtos-plasticos-reciclados-lajes-leves-com-u-bahn-beton-para-uma-construcao-sustentavel\/\" title=\"Constru\u00e7\u00e3o com produtos pl\u00e1sticos reciclados: lajes leves com U-Bahn\u00ae Beton para uma constru\u00e7\u00e3o sustent\u00e1vel\"><img width=\"600\" height=\"300\" src=\"https:\/\/www.daliform.com\/wp-content\/uploads\/2024\/07\/RIVM-CBG-utrecht-U-BAHN-600x300.png\" class=\"attachment-medium-thumb size-medium-thumb wp-post-image\" alt=\"Solai allege\" loading=\"lazy\" srcset=\"https:\/\/www.daliform.com\/wp-content\/uploads\/2024\/07\/RIVM-CBG-utrecht-U-BAHN-600x300.png 600w, https:\/\/www.daliform.com\/wp-content\/uploads\/2024\/07\/RIVM-CBG-utrecht-U-BAHN-400x200.png 400w, https:\/\/www.daliform.com\/wp-content\/uploads\/2024\/07\/RIVM-CBG-utrecht-U-BAHN-800x400.png 800w\" sizes=\"(max-width: 600px) 100vw, 600px\" \/><\/a>\n\t\t\t\t\t\t\t<div class=\"timeLabel\"><time class=\"entry-date published updated\" datetime=\"2024-09-02T09:00:35+02:00\">02\/09\/2024<\/time><\/div>\n\t\t\t\t\t\t<\/div>\n\t\t\t\t\t\t<h4 class=\"grid-title\"><a href=\"https:\/\/www.daliform.com\/pt-pt\/construcao-com-produtos-plasticos-reciclados-lajes-leves-com-u-bahn-beton-para-uma-construcao-sustentavel\/\" rel=\"bookmark\">Constru\u00e7\u00e3o com produtos pl\u00e1sticos reciclados: lajes leves com U-Bahn\u00ae Beton para uma constru\u00e7\u00e3o sustent\u00e1vel<\/a><\/h4>\n\n\t\t\t\t\t\t<p class=\"latestNewsExcerpt\">Por que escolher o U-Bahn\u00ae Beton para criar uma laje aligerada unidirecional? Por ser uma f\u00f4rma leve e empilh\u00e1vel, o U-Bahn\u00ae Beton...<\/p>\n\n\t\t\t\t\t<\/div>\n\t\t\t\t\t\n\t\t\t\t\t<div class=\"grid-item grid-sm-6 grid-md-3\">\n\t\t\t\t\t\t<div class=\"grid-thumbnail\">\n\t\t\t\t\t\t\t<a href=\"https:\/\/www.daliform.com\/pt-pt\/atlantis-system-uma-solucao-de-gerenciamento-de-aguas-pluviais\/\" title=\"Atlantis System: uma solu\u00e7\u00e3o de gerenciamento de \u00e1guas pluviais\"><img width=\"600\" height=\"300\" src=\"https:\/\/www.daliform.com\/wp-content\/uploads\/2024\/08\/Atlantis-vasca-render-600x300.jpg\" class=\"attachment-medium-thumb size-medium-thumb wp-post-image\" alt=\"Water Storm managemen\" loading=\"lazy\" srcset=\"https:\/\/www.daliform.com\/wp-content\/uploads\/2024\/08\/Atlantis-vasca-render-600x300.jpg 600w, https:\/\/www.daliform.com\/wp-content\/uploads\/2024\/08\/Atlantis-vasca-render-300x150.jpg 300w, https:\/\/www.daliform.com\/wp-content\/uploads\/2024\/08\/Atlantis-vasca-render-1024x512.jpg 1024w, https:\/\/www.daliform.com\/wp-content\/uploads\/2024\/08\/Atlantis-vasca-render-768x384.jpg 768w, https:\/\/www.daliform.com\/wp-content\/uploads\/2024\/08\/Atlantis-vasca-render-1536x768.jpg 1536w, https:\/\/www.daliform.com\/wp-content\/uploads\/2024\/08\/Atlantis-vasca-render-2048x1024.jpg 2048w, https:\/\/www.daliform.com\/wp-content\/uploads\/2024\/08\/Atlantis-vasca-render-400x200.jpg 400w, https:\/\/www.daliform.com\/wp-content\/uploads\/2024\/08\/Atlantis-vasca-render-800x400.jpg 800w\" sizes=\"(max-width: 600px) 100vw, 600px\" \/><\/a>\n\t\t\t\t\t\t\t<div class=\"timeLabel\"><time class=\"entry-date published updated\" datetime=\"2024-08-07T09:00:00+02:00\">07\/08\/2024<\/time><\/div>\n\t\t\t\t\t\t<\/div>\n\t\t\t\t\t\t<h4 class=\"grid-title\"><a href=\"https:\/\/www.daliform.com\/pt-pt\/atlantis-system-uma-solucao-de-gerenciamento-de-aguas-pluviais\/\" rel=\"bookmark\">Atlantis System: uma solu\u00e7\u00e3o de gerenciamento de \u00e1guas pluviais<\/a><\/h4>\n\n\t\t\t\t\t\t<p class=\"latestNewsExcerpt\">A cont\u00ednua cimenta\u00e7\u00e3o associada ao aumento constante na densidade dos assentamentos, embora necess\u00e1ria para o desenvolvimento humano...<\/p>\n\n\t\t\t\t\t<\/div>\n\t\t\t\t\t\n\t\t\t\t\t<div class=\"grid-item grid-sm-6 grid-md-3\">\n\t\t\t\t\t\t<div class=\"grid-thumbnail\">\n\t\t\t\t\t\t\t<a href=\"https:\/\/www.daliform.com\/pt-pt\/new-accessory-for-the-iglu-product\/\" title=\"New accessory for the IGLU&#8217;\u00ae product\"><img width=\"600\" height=\"300\" src=\"https:\/\/www.daliform.com\/wp-content\/uploads\/2023\/02\/prolunga-igloo-daliform-600x300.webp\" class=\"attachment-medium-thumb size-medium-thumb wp-post-image\" alt=\"\" loading=\"lazy\" srcset=\"https:\/\/www.daliform.com\/wp-content\/uploads\/2023\/02\/prolunga-igloo-daliform-600x300.webp 600w, https:\/\/www.daliform.com\/wp-content\/uploads\/2023\/02\/prolunga-igloo-daliform-300x150.webp 300w, https:\/\/www.daliform.com\/wp-content\/uploads\/2023\/02\/prolunga-igloo-daliform-1024x513.webp 1024w, https:\/\/www.daliform.com\/wp-content\/uploads\/2023\/02\/prolunga-igloo-daliform-768x385.webp 768w, https:\/\/www.daliform.com\/wp-content\/uploads\/2023\/02\/prolunga-igloo-daliform-1536x770.webp 1536w, https:\/\/www.daliform.com\/wp-content\/uploads\/2023\/02\/prolunga-igloo-daliform-2048x1027.webp 2048w, https:\/\/www.daliform.com\/wp-content\/uploads\/2023\/02\/prolunga-igloo-daliform-400x200.webp 400w, https:\/\/www.daliform.com\/wp-content\/uploads\/2023\/02\/prolunga-igloo-daliform-800x400.webp 800w\" sizes=\"(max-width: 600px) 100vw, 600px\" \/><\/a>\n\t\t\t\t\t\t\t<div class=\"timeLabel\"><time class=\"entry-date published updated\" datetime=\"2023-02-09T10:02:32+01:00\">09\/02\/2023<\/time><\/div>\n\t\t\t\t\t\t<\/div>\n\t\t\t\t\t\t<h4 class=\"grid-title\"><a href=\"https:\/\/www.daliform.com\/pt-pt\/new-accessory-for-the-iglu-product\/\" rel=\"bookmark\">New accessory for the IGLU&#8217;\u00ae product<\/a><\/h4>\n\n\t\t\t\t\t\t<p class=\"latestNewsExcerpt\">Available for Iglu\u2019\u00ae from height 14 to 80 cm, the accessory \u201cProlunga (extension)\u201d permits to adapt the laying of the crawl space to non-multiple dimensions of Iglu\u2019\u00ae formwork and to block the passage of concrete inside the cavity.<\/p>\n\n\t\t\t\t\t<\/div>\n\t\t\t\t\t\n\t\t\t\t\t<div class=\"grid-item grid-sm-6 grid-md-3\">\n\t\t\t\t\t\t<div class=\"grid-thumbnail\">\n\t\t\t\t\t\t\t<a href=\"https:\/\/www.daliform.com\/pt-pt\/daliform-group-supports-fai-the-italian-fund-for-the-environment\/\" title=\"Daliform Group supports FAI \u2013 The Italian Fund for the Environment\"><img width=\"600\" height=\"300\" src=\"https:\/\/www.daliform.com\/wp-content\/uploads\/2022\/10\/Noi-sosteniamo-FAI-600x300.png\" class=\"attachment-medium-thumb size-medium-thumb wp-post-image\" alt=\"\" loading=\"lazy\" srcset=\"https:\/\/www.daliform.com\/wp-content\/uploads\/2022\/10\/Noi-sosteniamo-FAI-600x300.png 600w, https:\/\/www.daliform.com\/wp-content\/uploads\/2022\/10\/Noi-sosteniamo-FAI-300x150.png 300w, https:\/\/www.daliform.com\/wp-content\/uploads\/2022\/10\/Noi-sosteniamo-FAI-768x384.png 768w, https:\/\/www.daliform.com\/wp-content\/uploads\/2022\/10\/Noi-sosteniamo-FAI-400x200.png 400w, https:\/\/www.daliform.com\/wp-content\/uploads\/2022\/10\/Noi-sosteniamo-FAI.png 800w\" sizes=\"(max-width: 600px) 100vw, 600px\" \/><\/a>\n\t\t\t\t\t\t\t<div class=\"timeLabel\"><time class=\"entry-date published updated\" datetime=\"2022-10-25T08:48:02+02:00\">25\/10\/2022<\/time><\/div>\n\t\t\t\t\t\t<\/div>\n\t\t\t\t\t\t<h4 class=\"grid-title\"><a href=\"https:\/\/www.daliform.com\/pt-pt\/daliform-group-supports-fai-the-italian-fund-for-the-environment\/\" rel=\"bookmark\">Daliform Group supports FAI \u2013 The Italian Fund for the Environment<\/a><\/h4>\n\n\t\t\t\t\t\t<p class=\"latestNewsExcerpt\">Daliform Group supports FAI \u2013 The Italian Fund for the Environment - we decided to join Corporate Golden Donor. A concrete gesture to value the Corporate Social Responsibility of our company.<\/p>\n\n\t\t\t\t\t<\/div>\n\t\t\t\t\t\n\t\t\t\t\t\t<div class=\"clear\"><\/div>\n\t\t\t\t\t<div class=\"grid-item grid-sm-6 grid-md-3\">\n\t\t\t\t\t\t<div class=\"grid-thumbnail\">\n\t\t\t\t\t\t\t<a href=\"https:\/\/www.daliform.com\/pt-pt\/awareness-and-sustainability-in-the-daliform-group-lawn-protection-grids\/\" title=\"Awareness and sustainability in the Daliform Group lawn protection grids\"><img width=\"600\" height=\"300\" src=\"https:\/\/www.daliform.com\/wp-content\/uploads\/2022\/04\/easy-park-600x300.jpg\" class=\"attachment-medium-thumb size-medium-thumb wp-post-image\" alt=\"Easy Park\u00ae Griglia di protezione per prati gi\u00e0 formati\" loading=\"lazy\" srcset=\"https:\/\/www.daliform.com\/wp-content\/uploads\/2022\/04\/easy-park-600x300.jpg 600w, https:\/\/www.daliform.com\/wp-content\/uploads\/2022\/04\/easy-park-400x200.jpg 400w, https:\/\/www.daliform.com\/wp-content\/uploads\/2022\/04\/easy-park-800x400.jpg 800w\" sizes=\"(max-width: 600px) 100vw, 600px\" \/><\/a>\n\t\t\t\t\t\t\t<div class=\"timeLabel\"><time class=\"entry-date published updated\" datetime=\"2022-04-14T11:30:04+02:00\">14\/04\/2022<\/time><\/div>\n\t\t\t\t\t\t<\/div>\n\t\t\t\t\t\t<h4 class=\"grid-title\"><a href=\"https:\/\/www.daliform.com\/pt-pt\/awareness-and-sustainability-in-the-daliform-group-lawn-protection-grids\/\" rel=\"bookmark\">Awareness and sustainability in the Daliform Group lawn protection grids<\/a><\/h4>\n\n\t\t\t\t\t\t<p class=\"latestNewsExcerpt\">During these years, the problem of plastic pollution of our planet has reached an unprecedented urgency. Even in the building sector, recycling is became one of the key point on the new construction.<\/p>\n\n\t\t\t\t\t<\/div>\n\t\t\t\t\t\n\t\t\t\t\t<div class=\"grid-item grid-sm-6 grid-md-3\">\n\t\t\t\t\t\t<div class=\"grid-thumbnail\">\n\t\t\t\t\t\t\t<a href=\"https:\/\/www.daliform.com\/pt-pt\/iglu-smart-the-smart-ventilated-cavity\/\" title=\"IGLU\u2019\u00ae SMART the smart ventilated cavity\"><img width=\"600\" height=\"300\" src=\"https:\/\/www.daliform.com\/wp-content\/uploads\/2022\/03\/iglu-smart-800x600-1-600x300.jpg\" class=\"attachment-medium-thumb size-medium-thumb wp-post-image\" alt=\"IGLU&#039;\u00ae Smart fondazioni ventilate per cella frigorifera\" loading=\"lazy\" srcset=\"https:\/\/www.daliform.com\/wp-content\/uploads\/2022\/03\/iglu-smart-800x600-1-600x300.jpg 600w, https:\/\/www.daliform.com\/wp-content\/uploads\/2022\/03\/iglu-smart-800x600-1-400x200.jpg 400w, https:\/\/www.daliform.com\/wp-content\/uploads\/2022\/03\/iglu-smart-800x600-1-800x400.jpg 800w\" sizes=\"(max-width: 600px) 100vw, 600px\" \/><\/a>\n\t\t\t\t\t\t\t<div class=\"timeLabel\"><time class=\"entry-date published updated\" datetime=\"2022-03-23T08:38:29+01:00\">23\/03\/2022<\/time><\/div>\n\t\t\t\t\t\t<\/div>\n\t\t\t\t\t\t<h4 class=\"grid-title\"><a href=\"https:\/\/www.daliform.com\/pt-pt\/iglu-smart-the-smart-ventilated-cavity\/\" rel=\"bookmark\">IGLU\u2019\u00ae SMART the smart ventilated cavity<\/a><\/h4>\n\n\t\t\t\t\t\t<p class=\"latestNewsExcerpt\">Iglu\u2019\u00ae Smart is the disposable formwork\u2019s innovative system for the creation of ventilated cavities with more flexibility and simplicity and a faster installation speed.<\/p>\n\n\t\t\t\t\t<\/div>\n\t\t\t\t\t\n\t\t\t\t\t<div class=\"grid-item grid-sm-6 grid-md-3\">\n\t\t\t\t\t\t<div class=\"grid-thumbnail\">\n\t\t\t\t\t\t\t<a href=\"https:\/\/www.daliform.com\/pt-pt\/daliform-group-creation-and-production-of-plastic-products-for-the-construction-industry\/\" title=\"DALIFORM GROUP &#8211; Creation and production of plastic products for the construction industry\"><img width=\"600\" height=\"300\" src=\"https:\/\/www.daliform.com\/wp-content\/uploads\/2022\/03\/4-rampe-gradoni-daliform-group-600x300.jpg\" class=\"attachment-medium-thumb size-medium-thumb wp-post-image\" alt=\"Riqualificazione urbana a Boulogne-Billancourt in Franciav\" loading=\"lazy\" srcset=\"https:\/\/www.daliform.com\/wp-content\/uploads\/2022\/03\/4-rampe-gradoni-daliform-group-600x300.jpg 600w, https:\/\/www.daliform.com\/wp-content\/uploads\/2022\/03\/4-rampe-gradoni-daliform-group-400x200.jpg 400w, https:\/\/www.daliform.com\/wp-content\/uploads\/2022\/03\/4-rampe-gradoni-daliform-group-800x400.jpg 800w\" sizes=\"(max-width: 600px) 100vw, 600px\" \/><\/a>\n\t\t\t\t\t\t\t<div class=\"timeLabel\"><time class=\"entry-date published updated\" datetime=\"2022-03-08T14:35:21+01:00\">08\/03\/2022<\/time><\/div>\n\t\t\t\t\t\t<\/div>\n\t\t\t\t\t\t<h4 class=\"grid-title\"><a href=\"https:\/\/www.daliform.com\/pt-pt\/daliform-group-creation-and-production-of-plastic-products-for-the-construction-industry\/\" rel=\"bookmark\">DALIFORM GROUP &#8211; Creation and production of plastic products for the construction industry<\/a><\/h4>\n\n\t\t\t\t\t\t<p class=\"latestNewsExcerpt\">Daliform Group has always been concerned with providing innovative solutions in the construction field that are oriented towards environmental protection and energy saving.<\/p>\n\n\t\t\t\t\t<\/div>\n\t\t\t\t\t\n\t\t\t\t\t<div class=\"grid-item grid-sm-6 grid-md-3\">\n\t\t\t\t\t\t<div class=\"grid-thumbnail\">\n\t\t\t\t\t\t\t<a href=\"https:\/\/www.daliform.com\/pt-pt\/iglu-green-roof-by-daliform-group-for-green-roofs-in-the-cities-new-gardens-for-the-citys-life\/\" title=\"Iglu&#8217;\u00ae Green Roof by Daliform Group for green roofs in the cities. New gardens for the city\u2019s life.\"><img width=\"600\" height=\"300\" src=\"https:\/\/www.daliform.com\/wp-content\/uploads\/2022\/03\/P1060631-1-600x300.jpg\" class=\"attachment-medium-thumb size-medium-thumb wp-post-image\" alt=\"\" loading=\"lazy\" srcset=\"https:\/\/www.daliform.com\/wp-content\/uploads\/2022\/03\/P1060631-1-600x300.jpg 600w, https:\/\/www.daliform.com\/wp-content\/uploads\/2022\/03\/P1060631-1-400x200.jpg 400w, https:\/\/www.daliform.com\/wp-content\/uploads\/2022\/03\/P1060631-1-800x400.jpg 800w\" sizes=\"(max-width: 600px) 100vw, 600px\" \/><\/a>\n\t\t\t\t\t\t\t<div class=\"timeLabel\"><time class=\"entry-date published updated\" datetime=\"2022-03-02T11:33:33+01:00\">02\/03\/2022<\/time><\/div>\n\t\t\t\t\t\t<\/div>\n\t\t\t\t\t\t<h4 class=\"grid-title\"><a href=\"https:\/\/www.daliform.com\/pt-pt\/iglu-green-roof-by-daliform-group-for-green-roofs-in-the-cities-new-gardens-for-the-citys-life\/\" rel=\"bookmark\">Iglu&#8217;\u00ae Green Roof by Daliform Group for green roofs in the cities. New gardens for the city\u2019s life.<\/a><\/h4>\n\n\t\t\t\t\t\t<p class=\"latestNewsExcerpt\">Green architecture against the social degradation. A trend which is spreading day by day not only like a concept of the residential and private building\u2019s furniture, but also to redevelop some degraded suburbs\u2019 areas with innovative solutions from the technological point of view.<\/p>\n\n\t\t\t\t\t<\/div>\n\t\t\t\t\t\n\t\t\t\t\t\t<div class=\"clear\"><\/div>\n\t\t\t\t\t<div class=\"grid-item grid-sm-6 grid-md-3\">\n\t\t\t\t\t\t<div class=\"grid-thumbnail\">\n\t\t\t\t\t\t\t<a href=\"https:\/\/www.daliform.com\/pt-pt\/iglu-for-the-new-paul-biya-stadium\/\" title=\"IGLU\u2019\u00ae for the new Paul Biya Stadium\"><img width=\"600\" height=\"300\" src=\"https:\/\/www.daliform.com\/wp-content\/uploads\/2022\/02\/1-stadio-camerun-iglu-daliform-group-600x300.png\" class=\"attachment-medium-thumb size-medium-thumb wp-post-image\" alt=\"\" loading=\"lazy\" srcset=\"https:\/\/www.daliform.com\/wp-content\/uploads\/2022\/02\/1-stadio-camerun-iglu-daliform-group-600x300.png 600w, https:\/\/www.daliform.com\/wp-content\/uploads\/2022\/02\/1-stadio-camerun-iglu-daliform-group-400x200.png 400w, https:\/\/www.daliform.com\/wp-content\/uploads\/2022\/02\/1-stadio-camerun-iglu-daliform-group-800x400.png 800w\" sizes=\"(max-width: 600px) 100vw, 600px\" \/><\/a>\n\t\t\t\t\t\t\t<div class=\"timeLabel\"><time class=\"entry-date published updated\" datetime=\"2022-02-15T10:25:46+01:00\">15\/02\/2022<\/time><\/div>\n\t\t\t\t\t\t<\/div>\n\t\t\t\t\t\t<h4 class=\"grid-title\"><a href=\"https:\/\/www.daliform.com\/pt-pt\/iglu-for-the-new-paul-biya-stadium\/\" rel=\"bookmark\">IGLU\u2019\u00ae for the new Paul Biya Stadium<\/a><\/h4>\n\n\t\t\t\t\t\t<p class=\"latestNewsExcerpt\">Iglu\u2019\u00ae was chosen and used to create ramps, steps, structural fillings and height compensations of the Paul Biya Stadium in Yaound\u00e9, Cameroon.<\/p>\n\n\t\t\t\t\t<\/div>\n\t\t\t\t\t\n\t\t\t\t\t<div class=\"grid-item grid-sm-6 grid-md-3\">\n\t\t\t\t\t\t<div class=\"grid-thumbnail\">\n\t\t\t\t\t\t\t<a href=\"https:\/\/www.daliform.com\/pt-pt\/fight-against-the-capillary-rising-moisture-with-iglu\/\" title=\"Fight against the capillary rising moisture with IGLU\u2019\u00ae\"><img width=\"600\" height=\"300\" src=\"https:\/\/www.daliform.com\/wp-content\/uploads\/2022\/02\/iglu-no-radon-600x300.jpg\" class=\"attachment-medium-thumb size-medium-thumb wp-post-image\" alt=\"\" loading=\"lazy\" srcset=\"https:\/\/www.daliform.com\/wp-content\/uploads\/2022\/02\/iglu-no-radon-600x300.jpg 600w, https:\/\/www.daliform.com\/wp-content\/uploads\/2022\/02\/iglu-no-radon-400x200.jpg 400w, https:\/\/www.daliform.com\/wp-content\/uploads\/2022\/02\/iglu-no-radon-800x400.jpg 800w\" sizes=\"(max-width: 600px) 100vw, 600px\" \/><\/a>\n\t\t\t\t\t\t\t<div class=\"timeLabel\"><time class=\"entry-date published updated\" datetime=\"2022-02-01T08:24:37+01:00\">01\/02\/2022<\/time><\/div>\n\t\t\t\t\t\t<\/div>\n\t\t\t\t\t\t<h4 class=\"grid-title\"><a href=\"https:\/\/www.daliform.com\/pt-pt\/fight-against-the-capillary-rising-moisture-with-iglu\/\" rel=\"bookmark\">Fight against the capillary rising moisture with IGLU\u2019\u00ae<\/a><\/h4>\n\n\t\t\t\t\t\t<p class=\"latestNewsExcerpt\">Iglu\u2019\u00ae is the leading market product, created and patented for the realization of sanitary spaces, ventilated cavities, under-floor cavities, ventilated floors and roofs during the construction and renovation of civil and industrial buildings.<\/p>\n\n\t\t\t\t\t<\/div>\n\t\t\t\t\t\n\t\t\t\t\t<div class=\"grid-item grid-sm-6 grid-md-3\">\n\t\t\t\t\t\t<div class=\"grid-thumbnail\">\n\t\t\t\t\t\t\t<a href=\"https:\/\/www.daliform.com\/pt-pt\/daliform-group-leveza-estrutural-para-o-novo-campus-bocconi\/\" title=\"Daliform Group, leveza estrutural para o novo Campus Bocconi\"><img width=\"600\" height=\"300\" src=\"https:\/\/www.daliform.com\/wp-content\/uploads\/2021\/11\/Bocconi-Daliform-600x300.jpg\" class=\"attachment-medium-thumb size-medium-thumb wp-post-image\" alt=\"\" loading=\"lazy\" srcset=\"https:\/\/www.daliform.com\/wp-content\/uploads\/2021\/11\/Bocconi-Daliform-600x300.jpg 600w, https:\/\/www.daliform.com\/wp-content\/uploads\/2021\/11\/Bocconi-Daliform-400x200.jpg 400w\" sizes=\"(max-width: 600px) 100vw, 600px\" \/><\/a>\n\t\t\t\t\t\t\t<div class=\"timeLabel\"><time class=\"entry-date published updated\" datetime=\"2021-12-16T15:31:51+01:00\">16\/12\/2021<\/time><\/div>\n\t\t\t\t\t\t<\/div>\n\t\t\t\t\t\t<h4 class=\"grid-title\"><a href=\"https:\/\/www.daliform.com\/pt-pt\/daliform-group-leveza-estrutural-para-o-novo-campus-bocconi\/\" rel=\"bookmark\">Daliform Group, leveza estrutural para o novo Campus Bocconi<\/a><\/h4>\n\n\t\t\t\t\t\t<p class=\"latestNewsExcerpt\">Com a integra\u00e7\u00e3o do sistema U-Boot\u00ae Beton da Daliform Group no projeto, foi poss\u00edvel criar estruturas que respondiam perfeitamente a todas as performances solicitadas.<\/p>\n\n\t\t\t\t\t<\/div>\n\t\t\t\t\t\n\t\t\t\t\t<div class=\"grid-item grid-sm-6 grid-md-3\">\n\t\t\t\t\t\t<div class=\"grid-thumbnail\">\n\t\t\t\t\t\t\t<a href=\"https:\/\/www.daliform.com\/pt-pt\/daliform-group-best-performer-company-in-the-province-of-treviso\/\" title=\"Daliform Group Best Performer Company in the province of Treviso\"><img width=\"600\" height=\"300\" src=\"https:\/\/www.daliform.com\/wp-content\/uploads\/2022\/01\/copertina-news-600x300.jpg\" class=\"attachment-medium-thumb size-medium-thumb wp-post-image\" alt=\"\" loading=\"lazy\" srcset=\"https:\/\/www.daliform.com\/wp-content\/uploads\/2022\/01\/copertina-news-600x300.jpg 600w, https:\/\/www.daliform.com\/wp-content\/uploads\/2022\/01\/copertina-news-400x200.jpg 400w, https:\/\/www.daliform.com\/wp-content\/uploads\/2022\/01\/copertina-news-800x400.jpg 800w\" sizes=\"(max-width: 600px) 100vw, 600px\" \/><\/a>\n\t\t\t\t\t\t\t<div class=\"timeLabel\"><time class=\"entry-date published updated\" datetime=\"2021-12-01T17:38:15+01:00\">01\/12\/2021<\/time><\/div>\n\t\t\t\t\t\t<\/div>\n\t\t\t\t\t\t<h4 class=\"grid-title\"><a href=\"https:\/\/www.daliform.com\/pt-pt\/daliform-group-best-performer-company-in-the-province-of-treviso\/\" rel=\"bookmark\">Daliform Group Best Performer Company in the province of Treviso<\/a><\/h4>\n\n\t\t\t\t\t\t<p class=\"latestNewsExcerpt\">The award ceremony for the \u201cAward to the 1000 best companies of Treviso\u201d organized by Centro Studi ItalyPost took place on Monday 29 November at 5 pm at the \u201cMario del Monaco\u201d Municipal Theater in Treviso.<\/p>\n\n\t\t\t\t\t<\/div>\n\t\t\t\t\t\n\t\t\t\t\t\t<div class=\"clear\"><\/div>\n\t\t\t\t\t<div class=\"grid-item grid-sm-6 grid-md-3\">\n\t\t\t\t\t\t<div class=\"grid-thumbnail\">\n\t\t\t\t\t\t\t<a href=\"https:\/\/www.daliform.com\/pt-pt\/daliform-group-obtem-a-certificacao-ouro-por-seu-sistema-de-gestao-integrado\/\" title=\"Daliform Group obt\u00e9m a Certifica\u00e7\u00e3o Ouro por seu Sistema de Gest\u00e3o Integrado\"><img width=\"600\" height=\"300\" src=\"https:\/\/www.daliform.com\/wp-content\/uploads\/2021\/11\/Dg-sgi_2-600x300.jpg\" class=\"attachment-medium-thumb size-medium-thumb wp-post-image\" alt=\"\" loading=\"lazy\" srcset=\"https:\/\/www.daliform.com\/wp-content\/uploads\/2021\/11\/Dg-sgi_2-600x300.jpg 600w, https:\/\/www.daliform.com\/wp-content\/uploads\/2021\/11\/Dg-sgi_2-400x200.jpg 400w\" sizes=\"(max-width: 600px) 100vw, 600px\" \/><\/a>\n\t\t\t\t\t\t\t<div class=\"timeLabel\"><time class=\"entry-date published updated\" datetime=\"2021-11-15T11:55:13+01:00\">15\/11\/2021<\/time><\/div>\n\t\t\t\t\t\t<\/div>\n\t\t\t\t\t\t<h4 class=\"grid-title\"><a href=\"https:\/\/www.daliform.com\/pt-pt\/daliform-group-obtem-a-certificacao-ouro-por-seu-sistema-de-gestao-integrado\/\" rel=\"bookmark\">Daliform Group obt\u00e9m a Certifica\u00e7\u00e3o Ouro por seu Sistema de Gest\u00e3o Integrado<\/a><\/h4>\n\n\t\t\t\t\t\t<p class=\"latestNewsExcerpt\">A ag\u00eancia de certifica\u00e7\u00e3o Kiwa-Cermet Italia S.p.a., ap\u00f3s uma auditoria integrada para os esquemas ISO9001, ISO14001 e ISO45001, emitiu a Certifica\u00e7\u00e3o GOLD para Daliform Group. <\/p>\n\n\t\t\t\t\t<\/div>\n\t\t\t\t\t\n\t\t\t\t\t<div class=\"grid-item grid-sm-6 grid-md-3\">\n\t\t\t\t\t\t<div class=\"grid-thumbnail\">\n\t\t\t\t\t\t\t<a href=\"https:\/\/www.daliform.com\/pt-pt\/effective-ventilation-for-the-nuvola-by-fuksas\/\" title=\"Effective ventilation for the \u201cNuvola\u201d by Fuksas\"><img width=\"600\" height=\"300\" src=\"https:\/\/www.daliform.com\/wp-content\/uploads\/2021\/11\/news-fuksas-iglu-daliform-600x300.jpg\" class=\"attachment-medium-thumb size-medium-thumb wp-post-image\" alt=\"\" loading=\"lazy\" srcset=\"https:\/\/www.daliform.com\/wp-content\/uploads\/2021\/11\/news-fuksas-iglu-daliform-600x300.jpg 600w, https:\/\/www.daliform.com\/wp-content\/uploads\/2021\/11\/news-fuksas-iglu-daliform-300x150.jpg 300w, https:\/\/www.daliform.com\/wp-content\/uploads\/2021\/11\/news-fuksas-iglu-daliform-768x384.jpg 768w, https:\/\/www.daliform.com\/wp-content\/uploads\/2021\/11\/news-fuksas-iglu-daliform-400x200.jpg 400w, https:\/\/www.daliform.com\/wp-content\/uploads\/2021\/11\/news-fuksas-iglu-daliform.jpg 800w\" sizes=\"(max-width: 600px) 100vw, 600px\" \/><\/a>\n\t\t\t\t\t\t\t<div class=\"timeLabel\"><time class=\"entry-date published updated\" datetime=\"2021-11-03T11:24:39+01:00\">03\/11\/2021<\/time><\/div>\n\t\t\t\t\t\t<\/div>\n\t\t\t\t\t\t<h4 class=\"grid-title\"><a href=\"https:\/\/www.daliform.com\/pt-pt\/effective-ventilation-for-the-nuvola-by-fuksas\/\" rel=\"bookmark\">Effective ventilation for the \u201cNuvola\u201d by Fuksas<\/a><\/h4>\n\n\t\t\t\t\t\t<p class=\"latestNewsExcerpt\">O \u201cNuvola\u201d de Fuksas, no bairro Eur em Roma, \u00e9 uma obra de grande impacto arquitet\u00f4nico para a qual materiais e solu\u00e7\u00f5es inovadores foram escolhidos e aplicados, incluindo Iglu\u2019\u00ae do Daliform Group.<\/p>\n\n\t\t\t\t\t<\/div>\n\t\t\t\t\t\n\t\t\t\t\t<div class=\"grid-item grid-sm-6 grid-md-3\">\n\t\t\t\t\t\t<div class=\"grid-thumbnail\">\n\t\t\t\t\t\t\t<a href=\"https:\/\/www.daliform.com\/pt-pt\/tanques-para-coleta-e-dispersao-de-agua-da-chuva\/\" title=\"Tanques para coleta e dispers\u00e3o de \u00e1gua da chuva\"><img width=\"600\" height=\"300\" src=\"https:\/\/www.daliform.com\/wp-content\/uploads\/2021\/11\/Atlantis-vasca-600x300.jpg\" class=\"attachment-medium-thumb size-medium-thumb wp-post-image\" alt=\"\" loading=\"lazy\" srcset=\"https:\/\/www.daliform.com\/wp-content\/uploads\/2021\/11\/Atlantis-vasca-600x300.jpg 600w, https:\/\/www.daliform.com\/wp-content\/uploads\/2021\/11\/Atlantis-vasca-400x200.jpg 400w, https:\/\/www.daliform.com\/wp-content\/uploads\/2021\/11\/Atlantis-vasca-800x400.jpg 800w\" sizes=\"(max-width: 600px) 100vw, 600px\" \/><\/a>\n\t\t\t\t\t\t\t<div class=\"timeLabel\"><time class=\"entry-date published updated\" datetime=\"2021-08-03T10:52:09+02:00\">03\/08\/2021<\/time><\/div>\n\t\t\t\t\t\t<\/div>\n\t\t\t\t\t\t<h4 class=\"grid-title\"><a href=\"https:\/\/www.daliform.com\/pt-pt\/tanques-para-coleta-e-dispersao-de-agua-da-chuva\/\" rel=\"bookmark\">Tanques para coleta e dispers\u00e3o de \u00e1gua da chuva<\/a><\/h4>\n\n\t\t\t\t\t\t<p class=\"latestNewsExcerpt\">Atlantis permite a realiza\u00e7\u00e3o de um tanque de concreto armado, moldado diretamente no local, com v\u00e1rias dimens\u00f5es em planta e altura de at\u00e9 300 cm para maximizar o volume. <\/p>\n\n\t\t\t\t\t<\/div>\n\t\t\t\t\t\n\t\t\t\t\t<div class=\"grid-item grid-sm-6 grid-md-3\">\n\t\t\t\t\t\t<div class=\"grid-thumbnail\">\n\t\t\t\t\t\t\t<a href=\"https:\/\/www.daliform.com\/pt-pt\/protecting-the-road-pavement-from-trees-roots\/\" title=\"Protecting the road pavement from trees\u2019 roots\"><img width=\"600\" height=\"300\" src=\"https:\/\/www.daliform.com\/wp-content\/uploads\/2021\/11\/WB_BGP_1-600x300.jpg\" class=\"attachment-medium-thumb size-medium-thumb wp-post-image\" alt=\"\" loading=\"lazy\" srcset=\"https:\/\/www.daliform.com\/wp-content\/uploads\/2021\/11\/WB_BGP_1-600x300.jpg 600w, https:\/\/www.daliform.com\/wp-content\/uploads\/2021\/11\/WB_BGP_1-400x200.jpg 400w, https:\/\/www.daliform.com\/wp-content\/uploads\/2021\/11\/WB_BGP_1-800x400.jpg 800w\" sizes=\"(max-width: 600px) 100vw, 600px\" \/><\/a>\n\t\t\t\t\t\t\t<div class=\"timeLabel\"><time class=\"entry-date published updated\" datetime=\"2021-07-19T10:19:37+02:00\">19\/07\/2021<\/time><\/div>\n\t\t\t\t\t\t<\/div>\n\t\t\t\t\t\t<h4 class=\"grid-title\"><a href=\"https:\/\/www.daliform.com\/pt-pt\/protecting-the-road-pavement-from-trees-roots\/\" rel=\"bookmark\">Protecting the road pavement from trees\u2019 roots<\/a><\/h4>\n\n\t\t\t\t\t\t<p class=\"latestNewsExcerpt\">This System by Daliform Group, avoids the constipation of the terrain for the creation of the pavement and allows the realization of a cavity that facilitates gas exchange and tree stability, preventing the lifting of the soil.<\/p>\n\n\t\t\t\t\t<\/div>\n\t\t\t\t\t\n\t\t\t\t\t\t<div class=\"clear\"><\/div>\n\t\t\t\t\t<div class=\"grid-item grid-sm-6 grid-md-3\">\n\t\t\t\t\t\t<div class=\"grid-thumbnail\">\n\t\t\t\t\t\t\t<a href=\"https:\/\/www.daliform.com\/pt-pt\/improving-the-seismic-response-of-buildings-thanks-to-the-lightened-slabs-with-u-boot-beton\/\" title=\"Improving the seismic response of buildings thanks to the lightened slabs with U-Boot\u00ae Beton\"><img width=\"600\" height=\"300\" src=\"https:\/\/www.daliform.com\/wp-content\/uploads\/2021\/11\/mriehel-tw-600x300.jpg\" class=\"attachment-medium-thumb size-medium-thumb wp-post-image\" alt=\"\" loading=\"lazy\" srcset=\"https:\/\/www.daliform.com\/wp-content\/uploads\/2021\/11\/mriehel-tw-600x300.jpg 600w, https:\/\/www.daliform.com\/wp-content\/uploads\/2021\/11\/mriehel-tw-400x200.jpg 400w, https:\/\/www.daliform.com\/wp-content\/uploads\/2021\/11\/mriehel-tw-800x400.jpg 800w\" sizes=\"(max-width: 600px) 100vw, 600px\" \/><\/a>\n\t\t\t\t\t\t\t<div class=\"timeLabel\"><time class=\"entry-date published updated\" datetime=\"2021-06-24T09:24:20+02:00\">24\/06\/2021<\/time><\/div>\n\t\t\t\t\t\t<\/div>\n\t\t\t\t\t\t<h4 class=\"grid-title\"><a href=\"https:\/\/www.daliform.com\/pt-pt\/improving-the-seismic-response-of-buildings-thanks-to-the-lightened-slabs-with-u-boot-beton\/\" rel=\"bookmark\">Improving the seismic response of buildings thanks to the lightened slabs with U-Boot\u00ae Beton<\/a><\/h4>\n\n\t\t\t\t\t\t<p class=\"latestNewsExcerpt\">With the same thickness compared to a monolithic slab, with U-Boot\u00ae Beton you get a weight reduction of up to 40%. This has a positive effect on the rest of the structure thanks to the reduction of seismic and gravitational actions.<\/p>\n\n\t\t\t\t\t<\/div>\n\t\t\t\t\t\n\t\t\t\t\t<div class=\"grid-item grid-sm-6 grid-md-3\">\n\t\t\t\t\t\t<div class=\"grid-thumbnail\">\n\t\t\t\t\t\t\t<a href=\"https:\/\/www.daliform.com\/pt-pt\/post-tensioned-and-lightened-slabs-with-u-boot-beton-for-the-multi-level-parking-in-reims\/\" title=\"Post-tensioned and lightened slabs with U-Boot\u00ae Beton for the multi-level parking in Reims\"><img width=\"600\" height=\"300\" src=\"https:\/\/www.daliform.com\/wp-content\/uploads\/2021\/11\/B9725359110Z.1_20201126201704_000G5VH4NFNJ.1-0.jpeg-800x400-1-600x300.jpg\" class=\"attachment-medium-thumb size-medium-thumb wp-post-image\" alt=\"\" loading=\"lazy\" srcset=\"https:\/\/www.daliform.com\/wp-content\/uploads\/2021\/11\/B9725359110Z.1_20201126201704_000G5VH4NFNJ.1-0.jpeg-800x400-1-600x300.jpg 600w, https:\/\/www.daliform.com\/wp-content\/uploads\/2021\/11\/B9725359110Z.1_20201126201704_000G5VH4NFNJ.1-0.jpeg-800x400-1-300x150.jpg 300w, https:\/\/www.daliform.com\/wp-content\/uploads\/2021\/11\/B9725359110Z.1_20201126201704_000G5VH4NFNJ.1-0.jpeg-800x400-1-768x384.jpg 768w, https:\/\/www.daliform.com\/wp-content\/uploads\/2021\/11\/B9725359110Z.1_20201126201704_000G5VH4NFNJ.1-0.jpeg-800x400-1-400x200.jpg 400w, https:\/\/www.daliform.com\/wp-content\/uploads\/2021\/11\/B9725359110Z.1_20201126201704_000G5VH4NFNJ.1-0.jpeg-800x400-1.jpg 800w\" sizes=\"(max-width: 600px) 100vw, 600px\" \/><\/a>\n\t\t\t\t\t\t\t<div class=\"timeLabel\"><time class=\"entry-date published updated\" datetime=\"2021-05-07T17:43:50+02:00\">07\/05\/2021<\/time><\/div>\n\t\t\t\t\t\t<\/div>\n\t\t\t\t\t\t<h4 class=\"grid-title\"><a href=\"https:\/\/www.daliform.com\/pt-pt\/post-tensioned-and-lightened-slabs-with-u-boot-beton-for-the-multi-level-parking-in-reims\/\" rel=\"bookmark\">Post-tensioned and lightened slabs with U-Boot\u00ae Beton for the multi-level parking in Reims<\/a><\/h4>\n\n\t\t\t\t\t\t<p class=\"latestNewsExcerpt\">To improve the slabs\u2019 performances, minimizing labour costs and raw materials used, the lightening system U-Boot\u00ae Beton has been included on the project for the realization of lightened slabs coupled with a post-tension system.<\/p>\n\n\t\t\t\t\t<\/div>\n\t\t\t\t\t\n\t\t\t\t\t<div class=\"grid-item grid-sm-6 grid-md-3\">\n\t\t\t\t\t\t<div class=\"grid-thumbnail\">\n\t\t\t\t\t\t\t<a href=\"https:\/\/www.daliform.com\/pt-pt\/our-new-website-is-now-online\/\" title=\"Our new website is now online!\"><img width=\"600\" height=\"300\" src=\"https:\/\/www.daliform.com\/wp-content\/uploads\/2020\/10\/web-dg-per-sito-1-600x300.jpg\" class=\"attachment-medium-thumb size-medium-thumb wp-post-image\" alt=\"\" loading=\"lazy\" srcset=\"https:\/\/www.daliform.com\/wp-content\/uploads\/2020\/10\/web-dg-per-sito-1-600x300.jpg 600w, https:\/\/www.daliform.com\/wp-content\/uploads\/2020\/10\/web-dg-per-sito-1-300x150.jpg 300w, https:\/\/www.daliform.com\/wp-content\/uploads\/2020\/10\/web-dg-per-sito-1-1024x513.jpg 1024w, https:\/\/www.daliform.com\/wp-content\/uploads\/2020\/10\/web-dg-per-sito-1-768x385.jpg 768w, https:\/\/www.daliform.com\/wp-content\/uploads\/2020\/10\/web-dg-per-sito-1-400x200.jpg 400w, https:\/\/www.daliform.com\/wp-content\/uploads\/2020\/10\/web-dg-per-sito-1-800x400.jpg 800w, https:\/\/www.daliform.com\/wp-content\/uploads\/2020\/10\/web-dg-per-sito-1.jpg 1040w\" sizes=\"(max-width: 600px) 100vw, 600px\" \/><\/a>\n\t\t\t\t\t\t\t<div class=\"timeLabel\"><time class=\"entry-date published updated\" datetime=\"2020-10-01T09:07:58+02:00\">01\/10\/2020<\/time><\/div>\n\t\t\t\t\t\t<\/div>\n\t\t\t\t\t\t<h4 class=\"grid-title\"><a href=\"https:\/\/www.daliform.com\/pt-pt\/our-new-website-is-now-online\/\" rel=\"bookmark\">Our new website is now online!<\/a><\/h4>\n\n\t\t\t\t\t\t<p class=\"latestNewsExcerpt\">Con piacere vi comunichiamo che da qualche giorno \u00e8 on-line il nostro nuovo sito web!<\/p>\n\n\t\t\t\t\t<\/div>\n\t\t\t\t\t\n\t\t\t\t\t<div class=\"grid-item grid-sm-6 grid-md-3\">\n\t\t\t\t\t\t<div class=\"grid-thumbnail\">\n\t\t\t\t\t\t\t<a href=\"https:\/\/www.daliform.com\/pt-pt\/building-information-modeling-enter-the-daliform-bim-library\/\" title=\"BUILDING INFORMATION MODELING &#8211; Enter the Daliform BIM library\"><img width=\"600\" height=\"300\" src=\"https:\/\/www.daliform.com\/wp-content\/uploads\/2019\/09\/bim-daliform-group-web-600x300.jpg\" class=\"attachment-medium-thumb size-medium-thumb wp-post-image\" alt=\"\" loading=\"lazy\" srcset=\"https:\/\/www.daliform.com\/wp-content\/uploads\/2019\/09\/bim-daliform-group-web-600x300.jpg 600w, https:\/\/www.daliform.com\/wp-content\/uploads\/2019\/09\/bim-daliform-group-web-300x151.jpg 300w, https:\/\/www.daliform.com\/wp-content\/uploads\/2019\/09\/bim-daliform-group-web-1024x514.jpg 1024w, https:\/\/www.daliform.com\/wp-content\/uploads\/2019\/09\/bim-daliform-group-web-400x200.jpg 400w, https:\/\/www.daliform.com\/wp-content\/uploads\/2019\/09\/bim-daliform-group-web-800x400.jpg 800w, https:\/\/www.daliform.com\/wp-content\/uploads\/2019\/09\/bim-daliform-group-web.jpg 1539w\" sizes=\"(max-width: 600px) 100vw, 600px\" \/><\/a>\n\t\t\t\t\t\t\t<div class=\"timeLabel\"><time class=\"entry-date published updated\" datetime=\"2019-07-30T08:38:21+02:00\">30\/07\/2019<\/time><\/div>\n\t\t\t\t\t\t<\/div>\n\t\t\t\t\t\t<h4 class=\"grid-title\"><a href=\"https:\/\/www.daliform.com\/pt-pt\/building-information-modeling-enter-the-daliform-bim-library\/\" rel=\"bookmark\">BUILDING INFORMATION MODELING &#8211; Enter the Daliform BIM library<\/a><\/h4>\n\n\t\t\t\t\t\t<p class=\"latestNewsExcerpt\">From now, almost all Daliform Group's construction systems are available in the BIM format, on the BIMobject website.<\/p>\n\n\t\t\t\t\t<\/div>\n\t\t\t\t\t\n\t\t\t\t\t\t<div class=\"clear\"><\/div>\n\t\t\t\t\t<div class=\"grid-item grid-sm-6 grid-md-3\">\n\t\t\t\t\t\t<div class=\"grid-thumbnail\">\n\t\t\t\t\t\t\t<a href=\"https:\/\/www.daliform.com\/pt-pt\/new-avis-technique-certificate-for-the-u-boot-beton-construction-system\/\" title=\"New Avis Technique certificate for the U-Boot\u00ae Beton construction system\"><img width=\"600\" height=\"300\" src=\"https:\/\/www.daliform.com\/wp-content\/uploads\/2019\/06\/uboot-beton-avis-technique-daliform-group2-600x300.jpg\" class=\"attachment-medium-thumb size-medium-thumb wp-post-image\" alt=\"\" loading=\"lazy\" srcset=\"https:\/\/www.daliform.com\/wp-content\/uploads\/2019\/06\/uboot-beton-avis-technique-daliform-group2-600x300.jpg 600w, https:\/\/www.daliform.com\/wp-content\/uploads\/2019\/06\/uboot-beton-avis-technique-daliform-group2-300x151.jpg 300w, https:\/\/www.daliform.com\/wp-content\/uploads\/2019\/06\/uboot-beton-avis-technique-daliform-group2-1024x514.jpg 1024w, https:\/\/www.daliform.com\/wp-content\/uploads\/2019\/06\/uboot-beton-avis-technique-daliform-group2-400x200.jpg 400w, https:\/\/www.daliform.com\/wp-content\/uploads\/2019\/06\/uboot-beton-avis-technique-daliform-group2-800x400.jpg 800w, https:\/\/www.daliform.com\/wp-content\/uploads\/2019\/06\/uboot-beton-avis-technique-daliform-group2.jpg 1593w\" sizes=\"(max-width: 600px) 100vw, 600px\" \/><\/a>\n\t\t\t\t\t\t\t<div class=\"timeLabel\"><time class=\"entry-date published updated\" datetime=\"2019-06-06T09:44:21+02:00\">06\/06\/2019<\/time><\/div>\n\t\t\t\t\t\t<\/div>\n\t\t\t\t\t\t<h4 class=\"grid-title\"><a href=\"https:\/\/www.daliform.com\/pt-pt\/new-avis-technique-certificate-for-the-u-boot-beton-construction-system\/\" rel=\"bookmark\">New Avis Technique certificate for the U-Boot\u00ae Beton construction system<\/a><\/h4>\n\n\t\t\t\t\t\t<p class=\"latestNewsExcerpt\">U-Boot\u00ae Beton construction system of Daliform Group obtained the Avis Technique issued by the CSTB.<\/p>\n\n\t\t\t\t\t<\/div>\n\t\t\t\t\t\n\t\t\t\t\t<div class=\"grid-item grid-sm-6 grid-md-3\">\n\t\t\t\t\t\t<div class=\"grid-thumbnail\">\n\t\t\t\t\t\t\t<a href=\"https:\/\/www.daliform.com\/pt-pt\/tour-trinity-a-new-outstanding-project-in-paris\/\" title=\"Tour TRINITY &#8211; A new outstanding project in Paris\"><img width=\"600\" height=\"300\" src=\"https:\/\/www.daliform.com\/wp-content\/uploads\/2019\/05\/tour-trinity-la-defense-daliform-group-600x300.jpg\" class=\"attachment-medium-thumb size-medium-thumb wp-post-image\" alt=\"\" loading=\"lazy\" srcset=\"https:\/\/www.daliform.com\/wp-content\/uploads\/2019\/05\/tour-trinity-la-defense-daliform-group-600x300.jpg 600w, https:\/\/www.daliform.com\/wp-content\/uploads\/2019\/05\/tour-trinity-la-defense-daliform-group-400x200.jpg 400w, https:\/\/www.daliform.com\/wp-content\/uploads\/2019\/05\/tour-trinity-la-defense-daliform-group-800x400.jpg 800w\" sizes=\"(max-width: 600px) 100vw, 600px\" \/><\/a>\n\t\t\t\t\t\t\t<div class=\"timeLabel\"><time class=\"entry-date published updated\" datetime=\"2019-05-22T11:02:43+02:00\">22\/05\/2019<\/time><\/div>\n\t\t\t\t\t\t<\/div>\n\t\t\t\t\t\t<h4 class=\"grid-title\"><a href=\"https:\/\/www.daliform.com\/pt-pt\/tour-trinity-a-new-outstanding-project-in-paris\/\" rel=\"bookmark\">Tour TRINITY &#8211; A new outstanding project in Paris<\/a><\/h4>\n\n\t\t\t\t\t\t<p class=\"latestNewsExcerpt\">Iglu'\u00ae by Daliform Group supplied for the realization of the Tour Trinity in La D\u00e9fense, Paris.<\/p>\n\n\t\t\t\t\t<\/div>\n\t\t\t\t\t\n\t\t\t\t\t<div class=\"grid-item grid-sm-6 grid-md-3\">\n\t\t\t\t\t\t<div class=\"grid-thumbnail\">\n\t\t\t\t\t\t\t<a href=\"https:\/\/www.daliform.com\/pt-pt\/future-building-in-100-italian-stories\/\" title=\"Future building in 100 italian stories\"><img width=\"600\" height=\"300\" src=\"https:\/\/www.daliform.com\/wp-content\/uploads\/2019\/04\/100-stories-future-building-symbola-daliform-group-2-600x300.jpg\" class=\"attachment-medium-thumb size-medium-thumb wp-post-image\" alt=\"\" loading=\"lazy\" srcset=\"https:\/\/www.daliform.com\/wp-content\/uploads\/2019\/04\/100-stories-future-building-symbola-daliform-group-2-600x300.jpg 600w, https:\/\/www.daliform.com\/wp-content\/uploads\/2019\/04\/100-stories-future-building-symbola-daliform-group-2-300x150.jpg 300w, https:\/\/www.daliform.com\/wp-content\/uploads\/2019\/04\/100-stories-future-building-symbola-daliform-group-2-768x384.jpg 768w, https:\/\/www.daliform.com\/wp-content\/uploads\/2019\/04\/100-stories-future-building-symbola-daliform-group-2-400x200.jpg 400w, https:\/\/www.daliform.com\/wp-content\/uploads\/2019\/04\/100-stories-future-building-symbola-daliform-group-2.jpg 800w\" sizes=\"(max-width: 600px) 100vw, 600px\" \/><\/a>\n\t\t\t\t\t\t\t<div class=\"timeLabel\"><time class=\"entry-date published updated\" datetime=\"2019-04-19T16:42:48+02:00\">19\/04\/2019<\/time><\/div>\n\t\t\t\t\t\t<\/div>\n\t\t\t\t\t\t<h4 class=\"grid-title\"><a href=\"https:\/\/www.daliform.com\/pt-pt\/future-building-in-100-italian-stories\/\" rel=\"bookmark\">Future building in 100 italian stories<\/a><\/h4>\n\n\t\t\t\t\t\t<p class=\"latestNewsExcerpt\">The research \"100 italian stories for future building\", created by Symbola Foundation and Fassa Bortolo, was presented at Palazzo Giacomelli in Treviso. Daliform Group between the most innovative Italian Companies.<\/p>\n\n\t\t\t\t\t<\/div>\n\t\t\t\t\t\n\t\t\t\t\t<div class=\"grid-item grid-sm-6 grid-md-3\">\n\t\t\t\t\t\t<div class=\"grid-thumbnail\">\n\t\t\t\t\t\t\t<a href=\"https:\/\/www.daliform.com\/pt-pt\/tour-alto-daliform-group-at-la-defense\/\" title=\"Tour ALTO: Daliform Group at La D\u00e9fense\"><img width=\"600\" height=\"300\" src=\"https:\/\/www.daliform.com\/wp-content\/uploads\/2019\/04\/la-defense-tour-alto-daliform-group-600x300.jpg\" class=\"attachment-medium-thumb size-medium-thumb wp-post-image\" alt=\"\" loading=\"lazy\" srcset=\"https:\/\/www.daliform.com\/wp-content\/uploads\/2019\/04\/la-defense-tour-alto-daliform-group-600x300.jpg 600w, https:\/\/www.daliform.com\/wp-content\/uploads\/2019\/04\/la-defense-tour-alto-daliform-group-300x150.jpg 300w, https:\/\/www.daliform.com\/wp-content\/uploads\/2019\/04\/la-defense-tour-alto-daliform-group-768x384.jpg 768w, https:\/\/www.daliform.com\/wp-content\/uploads\/2019\/04\/la-defense-tour-alto-daliform-group-400x200.jpg 400w, https:\/\/www.daliform.com\/wp-content\/uploads\/2019\/04\/la-defense-tour-alto-daliform-group.jpg 800w\" sizes=\"(max-width: 600px) 100vw, 600px\" \/><\/a>\n\t\t\t\t\t\t\t<div class=\"timeLabel\"><time class=\"entry-date published updated\" datetime=\"2019-04-10T09:57:05+02:00\">10\/04\/2019<\/time><\/div>\n\t\t\t\t\t\t<\/div>\n\t\t\t\t\t\t<h4 class=\"grid-title\"><a href=\"https:\/\/www.daliform.com\/pt-pt\/tour-alto-daliform-group-at-la-defense\/\" rel=\"bookmark\">Tour ALTO: Daliform Group at La D\u00e9fense<\/a><\/h4>\n\n\t\t\t\t\t\t<p class=\"latestNewsExcerpt\">Another tower is added to the ones built so far with the use of U-Boot\u00ae Beton of Daliform Group: Tour ALTO.<\/p>\n\n\t\t\t\t\t<\/div>\n\t\t\t\t\t\n\t\t\t\t\t\t<div class=\"clear\"><\/div>\n\t\t\t\t\t<div class=\"grid-item grid-sm-6 grid-md-3\">\n\t\t\t\t\t\t<div class=\"grid-thumbnail\">\n\t\t\t\t\t\t\t<a href=\"https:\/\/www.daliform.com\/pt-pt\/100-italian-stories-for-future-building\/\" title=\"100 Italian stories for future building\"><img width=\"600\" height=\"300\" src=\"https:\/\/www.daliform.com\/wp-content\/uploads\/2019\/01\/100-italian-stories-daliform-group-1-600x300.jpg\" class=\"attachment-medium-thumb size-medium-thumb wp-post-image\" alt=\"\" loading=\"lazy\" srcset=\"https:\/\/www.daliform.com\/wp-content\/uploads\/2019\/01\/100-italian-stories-daliform-group-1-600x300.jpg 600w, https:\/\/www.daliform.com\/wp-content\/uploads\/2019\/01\/100-italian-stories-daliform-group-1-300x150.jpg 300w, https:\/\/www.daliform.com\/wp-content\/uploads\/2019\/01\/100-italian-stories-daliform-group-1-400x200.jpg 400w, https:\/\/www.daliform.com\/wp-content\/uploads\/2019\/01\/100-italian-stories-daliform-group-1.jpg 728w\" sizes=\"(max-width: 600px) 100vw, 600px\" \/><\/a>\n\t\t\t\t\t\t\t<div class=\"timeLabel\"><time class=\"entry-date published updated\" datetime=\"2019-01-21T17:59:04+01:00\">21\/01\/2019<\/time><\/div>\n\t\t\t\t\t\t<\/div>\n\t\t\t\t\t\t<h4 class=\"grid-title\"><a href=\"https:\/\/www.daliform.com\/pt-pt\/100-italian-stories-for-future-building\/\" rel=\"bookmark\">100 Italian stories for future building<\/a><\/h4>\n\n\t\t\t\t\t\t<p class=\"latestNewsExcerpt\">Daliform Group is part of the 100 Italian excellences which are looking toward the future relying on innovation, sustainability and beauty.<\/p>\n\n\t\t\t\t\t<\/div>\n\t\t\t\t\t\n\t\t\t\t\t<div class=\"grid-item grid-sm-6 grid-md-3\">\n\t\t\t\t\t\t<div class=\"grid-thumbnail\">\n\t\t\t\t\t\t\t<a href=\"https:\/\/www.daliform.com\/pt-pt\/espace-tourbillon-the-future-of-geneva\/\" title=\"Espace Tourbillon &#8211; the future of Geneva\"><img width=\"600\" height=\"300\" src=\"https:\/\/www.daliform.com\/wp-content\/uploads\/2018\/12\/espace-turbillon-geneve-daliform-group-600x300.jpg\" class=\"attachment-medium-thumb size-medium-thumb wp-post-image\" alt=\"Cassero a perdere per solai alleggeriti U-Boot Beton\" loading=\"lazy\" srcset=\"https:\/\/www.daliform.com\/wp-content\/uploads\/2018\/12\/espace-turbillon-geneve-daliform-group-600x300.jpg 600w, https:\/\/www.daliform.com\/wp-content\/uploads\/2018\/12\/espace-turbillon-geneve-daliform-group-400x200.jpg 400w, https:\/\/www.daliform.com\/wp-content\/uploads\/2018\/12\/espace-turbillon-geneve-daliform-group-800x400.jpg 800w\" sizes=\"(max-width: 600px) 100vw, 600px\" \/><\/a>\n\t\t\t\t\t\t\t<div class=\"timeLabel\"><time class=\"entry-date published updated\" datetime=\"2018-12-13T10:13:38+01:00\">13\/12\/2018<\/time><\/div>\n\t\t\t\t\t\t<\/div>\n\t\t\t\t\t\t<h4 class=\"grid-title\"><a href=\"https:\/\/www.daliform.com\/pt-pt\/espace-tourbillon-the-future-of-geneva\/\" rel=\"bookmark\">Espace Tourbillon &#8211; the future of Geneva<\/a><\/h4>\n\n\t\t\t\t\t\t<p class=\"latestNewsExcerpt\">Espace Turbillon: a very prestigious project that Daliform Group has started in Geneva.<\/p>\n\n\t\t\t\t\t<\/div>\n\t\t\t\t\t\n\t\t\t\t\t<div class=\"grid-item grid-sm-6 grid-md-3\">\n\t\t\t\t\t\t<div class=\"grid-thumbnail\">\n\t\t\t\t\t\t\t<a href=\"https:\/\/www.daliform.com\/pt-pt\/inaugurated-a-new-branch-of-zanutta-spa-in-oderzo\/\" title=\"Inaugurated a new branch of Zanutta spa in Oderzo\"><img width=\"600\" height=\"300\" src=\"https:\/\/www.daliform.com\/wp-content\/uploads\/2018\/12\/daliform-zanutta-partner-1.png\" class=\"attachment-medium-thumb size-medium-thumb wp-post-image\" alt=\"\" loading=\"lazy\" srcset=\"https:\/\/www.daliform.com\/wp-content\/uploads\/2018\/12\/daliform-zanutta-partner-1.png 600w, https:\/\/www.daliform.com\/wp-content\/uploads\/2018\/12\/daliform-zanutta-partner-1-300x150.png 300w, https:\/\/www.daliform.com\/wp-content\/uploads\/2018\/12\/daliform-zanutta-partner-1-400x200.png 400w\" sizes=\"(max-width: 600px) 100vw, 600px\" \/><\/a>\n\t\t\t\t\t\t\t<div class=\"timeLabel\"><time class=\"entry-date published updated\" datetime=\"2018-12-04T14:59:14+01:00\">04\/12\/2018<\/time><\/div>\n\t\t\t\t\t\t<\/div>\n\t\t\t\t\t\t<h4 class=\"grid-title\"><a href=\"https:\/\/www.daliform.com\/pt-pt\/inaugurated-a-new-branch-of-zanutta-spa-in-oderzo\/\" rel=\"bookmark\">Inaugurated a new branch of Zanutta spa in Oderzo<\/a><\/h4>\n\n\t\t\t\t\t\t<p class=\"latestNewsExcerpt\">Zanutta spa inaugurates a new branch in Oderzo with great success.<\/p>\n\n\t\t\t\t\t<\/div>\n\t\t\t\t\t\n\t\t\t\t\t<div class=\"grid-item grid-sm-6 grid-md-3\">\n\t\t\t\t\t\t<div class=\"grid-thumbnail\">\n\t\t\t\t\t\t\t<a href=\"https:\/\/www.daliform.com\/pt-pt\/tour-duo-another-important-goal-for-the-company\/\" title=\"Tour DUO: another important goal for the Company\"><img width=\"600\" height=\"300\" src=\"https:\/\/www.daliform.com\/wp-content\/uploads\/2018\/08\/Tour-Duo-in-Paris-iglu-600x300.jpg\" class=\"attachment-medium-thumb size-medium-thumb wp-post-image\" alt=\"\" loading=\"lazy\" srcset=\"https:\/\/www.daliform.com\/wp-content\/uploads\/2018\/08\/Tour-Duo-in-Paris-iglu-600x300.jpg 600w, https:\/\/www.daliform.com\/wp-content\/uploads\/2018\/08\/Tour-Duo-in-Paris-iglu-400x200.jpg 400w, https:\/\/www.daliform.com\/wp-content\/uploads\/2018\/08\/Tour-Duo-in-Paris-iglu-800x400.jpg 800w\" sizes=\"(max-width: 600px) 100vw, 600px\" \/><\/a>\n\t\t\t\t\t\t\t<div class=\"timeLabel\"><time class=\"entry-date published updated\" datetime=\"2018-08-01T10:07:14+02:00\">01\/08\/2018<\/time><\/div>\n\t\t\t\t\t\t<\/div>\n\t\t\t\t\t\t<h4 class=\"grid-title\"><a href=\"https:\/\/www.daliform.com\/pt-pt\/tour-duo-another-important-goal-for-the-company\/\" rel=\"bookmark\">Tour DUO: another important goal for the Company<\/a><\/h4>\n\n\t\t\t\t\t\t<p class=\"latestNewsExcerpt\">Iglu'\u00ae Plus for two towers in the heart of Paris.<\/p>\n\n\t\t\t\t\t<\/div>\n\t\t\t\t\t\n\t\t\t\t\t\t<div class=\"clear\"><\/div>\n\t\t\t\t\t<div class=\"grid-item grid-sm-6 grid-md-3\">\n\t\t\t\t\t\t<div class=\"grid-thumbnail\">\n\t\t\t\t\t\t\t<a href=\"https:\/\/www.daliform.com\/pt-pt\/the-u-boot-beton-of-daliform-group-for-the-mall-of-sousse-tunisia\/\" title=\"The U-Boot\u00ae Beton of Daliform Group for the Mall of Sousse &#8211; Tunisia\"><img width=\"600\" height=\"300\" src=\"https:\/\/www.daliform.com\/wp-content\/uploads\/2018\/06\/mall-of-sousse-tunisie-daliform-group-1-600x300.jpg\" class=\"attachment-medium-thumb size-medium-thumb wp-post-image\" alt=\"\" loading=\"lazy\" srcset=\"https:\/\/www.daliform.com\/wp-content\/uploads\/2018\/06\/mall-of-sousse-tunisie-daliform-group-1-600x300.jpg 600w, https:\/\/www.daliform.com\/wp-content\/uploads\/2018\/06\/mall-of-sousse-tunisie-daliform-group-1-400x200.jpg 400w, https:\/\/www.daliform.com\/wp-content\/uploads\/2018\/06\/mall-of-sousse-tunisie-daliform-group-1-800x400.jpg 800w\" sizes=\"(max-width: 600px) 100vw, 600px\" \/><\/a>\n\t\t\t\t\t\t\t<div class=\"timeLabel\"><time class=\"entry-date published updated\" datetime=\"2018-06-20T16:33:08+02:00\">20\/06\/2018<\/time><\/div>\n\t\t\t\t\t\t<\/div>\n\t\t\t\t\t\t<h4 class=\"grid-title\"><a href=\"https:\/\/www.daliform.com\/pt-pt\/the-u-boot-beton-of-daliform-group-for-the-mall-of-sousse-tunisia\/\" rel=\"bookmark\">The U-Boot\u00ae Beton of Daliform Group for the Mall of Sousse &#8211; Tunisia<\/a><\/h4>\n\n\t\t\t\t\t\t<p class=\"latestNewsExcerpt\">Daliform Group, with a great supply of U-Boot\u00ae Beton, takes place to the realization of the Mall of Sousse, the greatest shopping centre in Tunisia.<\/p>\n\n\t\t\t\t\t<\/div>\n\t\t\t\t\t\n\t\t\t\t\t<div class=\"grid-item grid-sm-6 grid-md-3\">\n\t\t\t\t\t\t<div class=\"grid-thumbnail\">\n\t\t\t\t\t\t\t<a href=\"https:\/\/www.daliform.com\/pt-pt\/daliform-group-for-setti-square-in-treviglio-bergamo-italy\/\" title=\"Daliform Group for &#8220;Setti&#8221; Square in Treviglio &#8211; Bergamo (Italy)\"><img width=\"600\" height=\"300\" src=\"https:\/\/www.daliform.com\/wp-content\/uploads\/2018\/06\/piazza-setti-daliform-group-600x300.jpg\" class=\"attachment-medium-thumb size-medium-thumb wp-post-image\" alt=\"\" loading=\"lazy\" srcset=\"https:\/\/www.daliform.com\/wp-content\/uploads\/2018\/06\/piazza-setti-daliform-group-600x300.jpg 600w, https:\/\/www.daliform.com\/wp-content\/uploads\/2018\/06\/piazza-setti-daliform-group-400x200.jpg 400w, https:\/\/www.daliform.com\/wp-content\/uploads\/2018\/06\/piazza-setti-daliform-group-800x400.jpg 800w\" sizes=\"(max-width: 600px) 100vw, 600px\" \/><\/a>\n\t\t\t\t\t\t\t<div class=\"timeLabel\"><time class=\"entry-date published updated\" datetime=\"2018-06-06T15:45:34+02:00\">06\/06\/2018<\/time><\/div>\n\t\t\t\t\t\t<\/div>\n\t\t\t\t\t\t<h4 class=\"grid-title\"><a href=\"https:\/\/www.daliform.com\/pt-pt\/daliform-group-for-setti-square-in-treviglio-bergamo-italy\/\" rel=\"bookmark\">Daliform Group for &#8220;Setti&#8221; Square in Treviglio &#8211; Bergamo (Italy)<\/a><\/h4>\n\n\t\t\t\t\t\t<p class=\"latestNewsExcerpt\">Daliform Group had part in the realization of the \"Setti\" Square's underground parking with 2 floors in Treviglio (Italy), where we can find 219 car parks.<\/p>\n\n\t\t\t\t\t<\/div>\n\t\t\t\t\t\n\t\t\t\t\t<div class=\"grid-item grid-sm-6 grid-md-3\">\n\t\t\t\t\t\t<div class=\"grid-thumbnail\">\n\t\t\t\t\t\t\t<a href=\"https:\/\/www.daliform.com\/pt-pt\/daliform-group-at-the-big-5-heavy-2018\/\" title=\"Daliform Group at \u201c The Big 5 Heavy\u201d 2018\"><img width=\"600\" height=\"300\" src=\"https:\/\/www.daliform.com\/wp-content\/uploads\/2018\/04\/daliform-group-big-5-heavy-dubai-600x300.jpg\" class=\"attachment-medium-thumb size-medium-thumb wp-post-image\" alt=\"\" loading=\"lazy\" srcset=\"https:\/\/www.daliform.com\/wp-content\/uploads\/2018\/04\/daliform-group-big-5-heavy-dubai-600x300.jpg 600w, https:\/\/www.daliform.com\/wp-content\/uploads\/2018\/04\/daliform-group-big-5-heavy-dubai-400x200.jpg 400w, https:\/\/www.daliform.com\/wp-content\/uploads\/2018\/04\/daliform-group-big-5-heavy-dubai-800x400.jpg 800w\" sizes=\"(max-width: 600px) 100vw, 600px\" \/><\/a>\n\t\t\t\t\t\t\t<div class=\"timeLabel\"><time class=\"entry-date published updated\" datetime=\"2018-04-04T14:38:40+02:00\">04\/04\/2018<\/time><\/div>\n\t\t\t\t\t\t<\/div>\n\t\t\t\t\t\t<h4 class=\"grid-title\"><a href=\"https:\/\/www.daliform.com\/pt-pt\/daliform-group-at-the-big-5-heavy-2018\/\" rel=\"bookmark\">Daliform Group at \u201c The Big 5 Heavy\u201d 2018<\/a><\/h4>\n\n\t\t\t\t\t\t<p class=\"latestNewsExcerpt\">The first edition of Dubai's \"The Big 5 Heavy\" 2018, in which Daliform Group exhibited its constructive solutions, ended.<\/p>\n\n\t\t\t\t\t<\/div>\n\t\t\t\t\t\n\t\t\t\t\t<div class=\"grid-item grid-sm-6 grid-md-3\">\n\t\t\t\t\t\t<div class=\"grid-thumbnail\">\n\t\t\t\t\t\t\t<a href=\"https:\/\/www.daliform.com\/pt-pt\/renewed-legalitys-rating-for-daliform-group\/\" title=\"Renewed legality&#8217;s rating for Daliform Group\"><img width=\"600\" height=\"300\" src=\"https:\/\/www.daliform.com\/wp-content\/uploads\/2018\/02\/rating-legalita-punteggio-ok-600x300.jpg\" class=\"attachment-medium-thumb size-medium-thumb wp-post-image\" alt=\"\" loading=\"lazy\" srcset=\"https:\/\/www.daliform.com\/wp-content\/uploads\/2018\/02\/rating-legalita-punteggio-ok-600x300.jpg 600w, https:\/\/www.daliform.com\/wp-content\/uploads\/2018\/02\/rating-legalita-punteggio-ok-400x200.jpg 400w, https:\/\/www.daliform.com\/wp-content\/uploads\/2018\/02\/rating-legalita-punteggio-ok-800x400.jpg 800w\" sizes=\"(max-width: 600px) 100vw, 600px\" \/><\/a>\n\t\t\t\t\t\t\t<div class=\"timeLabel\"><time class=\"entry-date published updated\" datetime=\"2018-02-02T18:17:18+01:00\">02\/02\/2018<\/time><\/div>\n\t\t\t\t\t\t<\/div>\n\t\t\t\t\t\t<h4 class=\"grid-title\"><a href=\"https:\/\/www.daliform.com\/pt-pt\/renewed-legalitys-rating-for-daliform-group\/\" rel=\"bookmark\">Renewed legality&#8217;s rating for Daliform Group<\/a><\/h4>\n\n\t\t\t\t\t\t<p class=\"latestNewsExcerpt\">Renew of the certification of legality\u2019s rating for Daliform Group, with a score of two stars and one +.<\/p>\n\n\t\t\t\t\t<\/div>\n\t\t\t\t\t\n\t\t\t\t\t\t<div class=\"clear\"><\/div>\n\t\t\t\t\t<div class=\"grid-item grid-sm-6 grid-md-3\">\n\t\t\t\t\t\t<div class=\"grid-thumbnail\">\n\t\t\t\t\t\t\t<a href=\"https:\/\/www.daliform.com\/pt-pt\/cstb-renewed-avis-technique\/\" title=\"CSTB renewed Avis Technique\"><img width=\"600\" height=\"300\" src=\"https:\/\/www.daliform.com\/wp-content\/uploads\/2018\/01\/avis-technique-daliform-group-600x300.jpg\" class=\"attachment-medium-thumb size-medium-thumb wp-post-image\" alt=\"\" loading=\"lazy\" srcset=\"https:\/\/www.daliform.com\/wp-content\/uploads\/2018\/01\/avis-technique-daliform-group-600x300.jpg 600w, https:\/\/www.daliform.com\/wp-content\/uploads\/2018\/01\/avis-technique-daliform-group-400x200.jpg 400w\" sizes=\"(max-width: 600px) 100vw, 600px\" \/><\/a>\n\t\t\t\t\t\t\t<div class=\"timeLabel\"><time class=\"entry-date published updated\" datetime=\"2018-01-12T09:12:15+01:00\">12\/01\/2018<\/time><\/div>\n\t\t\t\t\t\t<\/div>\n\t\t\t\t\t\t<h4 class=\"grid-title\"><a href=\"https:\/\/www.daliform.com\/pt-pt\/cstb-renewed-avis-technique\/\" rel=\"bookmark\">CSTB renewed Avis Technique<\/a><\/h4>\n\n\t\t\t\t\t\t<p class=\"latestNewsExcerpt\">Once again, Daliform Group is proud to communicate that, after some laboratory tests and inspections, the certification AVIS TECHNIQUE has been renewed for the products Iglu'\u00ae and Iglu'\u00ae Plus.<\/p>\n\n\t\t\t\t\t<\/div>\n\t\t\t\t\t\n\t\t\t\t\t<div class=\"grid-item grid-sm-6 grid-md-3\">\n\t\t\t\t\t\t<div class=\"grid-thumbnail\">\n\t\t\t\t\t\t\t<a href=\"https:\/\/www.daliform.com\/pt-pt\/u-boot-beton-design-software-is-online\/\" title=\"U-Boot\u00ae Beton Design Software is online\"><img width=\"600\" height=\"300\" src=\"https:\/\/www.daliform.com\/wp-content\/uploads\/2017\/05\/software-uboot-600x300.jpg\" class=\"attachment-medium-thumb size-medium-thumb wp-post-image\" alt=\"\" loading=\"lazy\" srcset=\"https:\/\/www.daliform.com\/wp-content\/uploads\/2017\/05\/software-uboot-600x300.jpg 600w, https:\/\/www.daliform.com\/wp-content\/uploads\/2017\/05\/software-uboot-300x150.jpg 300w, https:\/\/www.daliform.com\/wp-content\/uploads\/2017\/05\/software-uboot-768x385.jpg 768w, https:\/\/www.daliform.com\/wp-content\/uploads\/2017\/05\/software-uboot-400x200.jpg 400w, https:\/\/www.daliform.com\/wp-content\/uploads\/2017\/05\/software-uboot.jpg 800w\" sizes=\"(max-width: 600px) 100vw, 600px\" \/><\/a>\n\t\t\t\t\t\t\t<div class=\"timeLabel\"><time class=\"entry-date published updated\" datetime=\"2017-05-30T10:40:35+02:00\">30\/05\/2017<\/time><\/div>\n\t\t\t\t\t\t<\/div>\n\t\t\t\t\t\t<h4 class=\"grid-title\"><a href=\"https:\/\/www.daliform.com\/pt-pt\/u-boot-beton-design-software-is-online\/\" rel=\"bookmark\">U-Boot\u00ae Beton Design Software is online<\/a><\/h4>\n\n\t\t\t\t\t\t<p class=\"latestNewsExcerpt\">U-Boot\u00ae Beton Design Software is online: it is the ideal tool for designing of voided slabs without drop panels or drop beams.<\/p>\n\n\t\t\t\t\t<\/div>\n\t\t\t\t\t\n\t\t\t\t\t<div class=\"grid-item grid-sm-6 grid-md-3\">\n\t\t\t\t\t\t<div class=\"grid-thumbnail\">\n\t\t\t\t\t\t\t<a href=\"https:\/\/www.daliform.com\/pt-pt\/new-partnership-for-daliform-group\/\" title=\"New partnership for Daliform Group\"><img width=\"600\" height=\"300\" src=\"https:\/\/www.daliform.com\/wp-content\/uploads\/2017\/05\/PARTNERSHIP-iran-daliform-group-600x300.jpg\" class=\"attachment-medium-thumb size-medium-thumb wp-post-image\" alt=\"\" loading=\"lazy\" srcset=\"https:\/\/www.daliform.com\/wp-content\/uploads\/2017\/05\/PARTNERSHIP-iran-daliform-group-600x300.jpg 600w, https:\/\/www.daliform.com\/wp-content\/uploads\/2017\/05\/PARTNERSHIP-iran-daliform-group-300x150.jpg 300w, https:\/\/www.daliform.com\/wp-content\/uploads\/2017\/05\/PARTNERSHIP-iran-daliform-group-768x385.jpg 768w, https:\/\/www.daliform.com\/wp-content\/uploads\/2017\/05\/PARTNERSHIP-iran-daliform-group-400x200.jpg 400w, https:\/\/www.daliform.com\/wp-content\/uploads\/2017\/05\/PARTNERSHIP-iran-daliform-group.jpg 800w\" sizes=\"(max-width: 600px) 100vw, 600px\" \/><\/a>\n\t\t\t\t\t\t\t<div class=\"timeLabel\"><time class=\"entry-date published updated\" datetime=\"2017-05-19T17:28:42+02:00\">19\/05\/2017<\/time><\/div>\n\t\t\t\t\t\t<\/div>\n\t\t\t\t\t\t<h4 class=\"grid-title\"><a href=\"https:\/\/www.daliform.com\/pt-pt\/new-partnership-for-daliform-group\/\" rel=\"bookmark\">New partnership for Daliform Group<\/a><\/h4>\n\n\t\t\t\t\t\t<p class=\"latestNewsExcerpt\">New partnership between Daliform Group and Nobon Group: the only company entitled to the production of Daliform Group items in the territory of the Islamic Republic of Iran.<\/p>\n\n\t\t\t\t\t<\/div>\n\t\t\t\t\t\n\t\t\t\t\t<div class=\"grid-item grid-sm-6 grid-md-3\">\n\t\t\t\t\t\t<div class=\"grid-thumbnail\">\n\t\t\t\t\t\t\t<a href=\"https:\/\/www.daliform.com\/pt-pt\/gli-strumenti-premiali-di-legalita-e-trasparenza-19-01-2017\/\" title=\"GLI STRUMENTI \u2018PREMIALI\u2019 DI LEGALIT\u00c0 E TRASPARENZA 19.01.2017\"><img width=\"600\" height=\"300\" src=\"https:\/\/www.daliform.com\/wp-content\/uploads\/2017\/01\/legalita-convegno-daliform-group-600x300.jpg\" class=\"attachment-medium-thumb size-medium-thumb wp-post-image\" alt=\"\" loading=\"lazy\" srcset=\"https:\/\/www.daliform.com\/wp-content\/uploads\/2017\/01\/legalita-convegno-daliform-group-600x300.jpg 600w, https:\/\/www.daliform.com\/wp-content\/uploads\/2017\/01\/legalita-convegno-daliform-group-300x150.jpg 300w, https:\/\/www.daliform.com\/wp-content\/uploads\/2017\/01\/legalita-convegno-daliform-group-768x384.jpg 768w, https:\/\/www.daliform.com\/wp-content\/uploads\/2017\/01\/legalita-convegno-daliform-group-400x200.jpg 400w, https:\/\/www.daliform.com\/wp-content\/uploads\/2017\/01\/legalita-convegno-daliform-group.jpg 800w\" sizes=\"(max-width: 600px) 100vw, 600px\" \/><\/a>\n\t\t\t\t\t\t\t<div class=\"timeLabel\"><time class=\"entry-date published updated\" datetime=\"2017-01-23T17:55:58+01:00\">23\/01\/2017<\/time><\/div>\n\t\t\t\t\t\t<\/div>\n\t\t\t\t\t\t<h4 class=\"grid-title\"><a href=\"https:\/\/www.daliform.com\/pt-pt\/gli-strumenti-premiali-di-legalita-e-trasparenza-19-01-2017\/\" rel=\"bookmark\">GLI STRUMENTI \u2018PREMIALI\u2019 DI LEGALIT\u00c0 E TRASPARENZA 19.01.2017<\/a><\/h4>\n\n\t\t\t\t\t\t<p class=\"latestNewsExcerpt\">On Thursday, 19th January 2017, Proetica - an Association of Unindustria Treviso and Ordine dei Dottori Commercialisti Treviso, organized the meeting \u201cGli strumenti \u2018premiali\u2019 di legalit\u00e0 e trasparenza\u201d in which the CEO of Daliform Group, Mr. Albertini Antimo Riccardo, was invited to participate.<\/p>\n\n\t\t\t\t\t<\/div>\n\t\t\t\t\t\n\t\t\t\t\t\t<div class=\"clear\"><\/div>\n\t\t\t\t\t<div class=\"grid-item grid-sm-6 grid-md-3\">\n\t\t\t\t\t\t<div class=\"grid-thumbnail\">\n\t\t\t\t\t\t\t<a href=\"https:\/\/www.daliform.com\/pt-pt\/daliform-group-checkmate-to-patent-violation\/\" title=\"Daliform Group, &#8220;checkmate&#8221; to patent violation\"><img width=\"600\" height=\"300\" src=\"https:\/\/www.daliform.com\/wp-content\/uploads\/2016\/10\/spiderplast-geoplast-provvedimento-cautelare-1-600x300.jpg\" class=\"attachment-medium-thumb size-medium-thumb wp-post-image\" alt=\"\" loading=\"lazy\" srcset=\"https:\/\/www.daliform.com\/wp-content\/uploads\/2016\/10\/spiderplast-geoplast-provvedimento-cautelare-1-600x300.jpg 600w, https:\/\/www.daliform.com\/wp-content\/uploads\/2016\/10\/spiderplast-geoplast-provvedimento-cautelare-1-300x151.jpg 300w, https:\/\/www.daliform.com\/wp-content\/uploads\/2016\/10\/spiderplast-geoplast-provvedimento-cautelare-1-768x385.jpg 768w, https:\/\/www.daliform.com\/wp-content\/uploads\/2016\/10\/spiderplast-geoplast-provvedimento-cautelare-1-400x200.jpg 400w, https:\/\/www.daliform.com\/wp-content\/uploads\/2016\/10\/spiderplast-geoplast-provvedimento-cautelare-1.jpg 799w\" sizes=\"(max-width: 600px) 100vw, 600px\" \/><\/a>\n\t\t\t\t\t\t\t<div class=\"timeLabel\"><time class=\"entry-date published updated\" datetime=\"2016-10-18T16:18:04+02:00\">18\/10\/2016<\/time><\/div>\n\t\t\t\t\t\t<\/div>\n\t\t\t\t\t\t<h4 class=\"grid-title\"><a href=\"https:\/\/www.daliform.com\/pt-pt\/daliform-group-checkmate-to-patent-violation\/\" rel=\"bookmark\">Daliform Group, &#8220;checkmate&#8221; to patent violation<\/a><\/h4>\n\n\t\t\t\t\t\t<p class=\"latestNewsExcerpt\">Daliform Group, checkmate to patent violation<\/p>\n\n\t\t\t\t\t<\/div>\n\t\t\t\t\t\n\t\t\t\t\t<div class=\"grid-item grid-sm-6 grid-md-3\">\n\t\t\t\t\t\t<div class=\"grid-thumbnail\">\n\t\t\t\t\t\t\t<a href=\"https:\/\/www.daliform.com\/pt-pt\/patentes-falsificados-daliform-ganha-processo\/\" title=\"Patentes falsificados, DALIFORM ganha processo\"><img width=\"600\" height=\"300\" src=\"https:\/\/www.daliform.com\/wp-content\/uploads\/2016\/10\/condanna-geoplast-vittoria-daliform-600x300-1.jpg\" class=\"attachment-medium-thumb size-medium-thumb wp-post-image\" alt=\"\" loading=\"lazy\" srcset=\"https:\/\/www.daliform.com\/wp-content\/uploads\/2016\/10\/condanna-geoplast-vittoria-daliform-600x300-1.jpg 600w, https:\/\/www.daliform.com\/wp-content\/uploads\/2016\/10\/condanna-geoplast-vittoria-daliform-600x300-1-300x150.jpg 300w, https:\/\/www.daliform.com\/wp-content\/uploads\/2016\/10\/condanna-geoplast-vittoria-daliform-600x300-1-400x200.jpg 400w\" sizes=\"(max-width: 600px) 100vw, 600px\" \/><\/a>\n\t\t\t\t\t\t\t<div class=\"timeLabel\"><time class=\"entry-date published updated\" datetime=\"2016-10-07T17:10:04+02:00\">07\/10\/2016<\/time><\/div>\n\t\t\t\t\t\t<\/div>\n\t\t\t\t\t\t<h4 class=\"grid-title\"><a href=\"https:\/\/www.daliform.com\/pt-pt\/patentes-falsificados-daliform-ganha-processo\/\" rel=\"bookmark\">Patentes falsificados, DALIFORM ganha processo<\/a><\/h4>\n\n\t\t\t\t\t\t<p class=\"latestNewsExcerpt\">Victory in the court for Daliform Group and T.P.S., that in addition to the need of difending their own patent rights in the International branch, they have seen their products forged by Italian companies.<\/p>\n\n\t\t\t\t\t<\/div>\n\t\t\t\t\t\n\t\t\t\t<\/div>\n\t<\/div>[\/vc_column][\/vc_row]<\/p>\n","protected":false},"excerpt":{"rendered":"<p>Daliform Group comunica atrav\u00e9s desta p\u00e1gina: not\u00edcias da empresa, novos produtos, novos projetos, eventos corporativos, feiras.<\/p>\n","protected":false},"author":1,"featured_media":58583,"parent":0,"menu_order":39,"comment_status":"closed","ping_status":"closed","template":"","meta":[],"acf":[],"aioseo_notices":[],"_links":{"self":[{"href":"https:\/\/www.daliform.com\/pt-pt\/wp-json\/wp\/v2\/pages\/70076"}],"collection":[{"href":"https:\/\/www.daliform.com\/pt-pt\/wp-json\/wp\/v2\/pages"}],"about":[{"href":"https:\/\/www.daliform.com\/pt-pt\/wp-json\/wp\/v2\/types\/page"}],"author":[{"embeddable":true,"href":"https:\/\/www.daliform.com\/pt-pt\/wp-json\/wp\/v2\/users\/1"}],"replies":[{"embeddable":true,"href":"https:\/\/www.daliform.com\/pt-pt\/wp-json\/wp\/v2\/comments?post=70076"}],"version-history":[{"count":1,"href":"https:\/\/www.daliform.com\/pt-pt\/wp-json\/wp\/v2\/pages\/70076\/revisions"}],"predecessor-version":[{"id":109064,"href":"https:\/\/www.daliform.com\/pt-pt\/wp-json\/wp\/v2\/pages\/70076\/revisions\/109064"}],"wp:featuredmedia":[{"embeddable":true,"href":"https:\/\/www.daliform.com\/pt-pt\/wp-json\/wp\/v2\/media\/58583"}],"wp:attachment":[{"href":"https:\/\/www.daliform.com\/pt-pt\/wp-json\/wp\/v2\/media?parent=70076"}],"curies":[{"name":"wp","href":"https:\/\/api.w.org\/{rel}","templated":true}]}}