{"id":44192,"date":"2016-03-07T10:35:44","date_gmt":"2016-03-07T09:35:44","guid":{"rendered":"https:\/\/www.daliform.com\/iglu\/aplicacoes-iglu\/tectos-ventilados\/"},"modified":"2022-03-02T09:39:43","modified_gmt":"2022-03-02T08:39:43","slug":"tectos-ventilados","status":"publish","type":"page","link":"https:\/\/www.daliform.com\/pt-pt\/iglu-caixas-de-ar-ventiladas\/iglu-aplicacoes\/tectos-ventilados\/","title":{"rendered":"Tectos ventilados"},"content":{"rendered":"<p>[vc_row padding_top=&#8221;0&#8243; padding_bottom=&#8221;0&#8243;][vc_column]\n\t<div class=\"custom-heading wpb_content_element  heading-medium\">\n\t\t<h2 class=\"heading-title\" >A realiza\u00e7\u00e3o de um tecto ventiladocom Iglu\u2019\u00ae ventilated roof garante um maior conforto habitacional tanto nos per\u00edodos de Inverno, como nos per\u00edodos de Ver\u00e3o.<\/h2>\n\t\t<span class=\"heading-line primary\"><\/span>\n\t<\/div>[\/vc_column][\/vc_row][vc_row][vc_column width=&#8221;1\/2&#8243;][vc_single_image image=&#8221;44152&#8243; img_size=&#8221;large&#8221;][\/vc_column][vc_column width=&#8221;1\/2&#8243;][vc_column_text]O tecto \u00e9 uma parte muito importante de qualquer edif\u00edcio para garantir uma resposta eficaz aos factores ambientais, como a excurs\u00e3o t\u00e9rmica e as intemp\u00e9ries.<br \/>\nA utiliza\u00e7\u00e3o de Iglu\u2019\u00ae ventilated roof em edif\u00edcios habit\u00e1veis, comerciais, industriais ou p\u00fablicos \u00e9 indispens\u00e1vel para criar:<br \/>\n&#8211;<strong> subtectos confort\u00e1veis<\/strong> com as devidas caracter\u00edsticas termoigrom\u00e9tricas; a cria\u00e7\u00e3o de uma c\u00e2mara de ventila\u00e7\u00e3o de espessura constante resulta numa brilhante selec\u00e7\u00e3o em termos de projecto, compat\u00edvel com qualquer tecto em aqu\u00edfero em bet\u00e3o armado.<br \/>\n&#8211; <strong>tectos planos destinados a terra\u00e7os<\/strong> de forma a permitir o usufruto total da superf\u00edcie do espa\u00e7o constru\u00eddo.[\/vc_column_text][\/vc_column][vc_column][vc_column_text]<strong>VANTAGENS:<br \/>\n<\/strong>\u2022 NOS MESES DE INVERNO, AO FECHAR A VENTILA\u00c7\u00c3O ATRAV\u00c9S DE UMA REGULA\u00c7\u00c3O SIMPLES, PERMITE ISOLAR-SE DO FRIO DO EXTERIOR.<br \/>\n\u2022 NOS MESES DE VER\u00c3O, PERMITE REDUZIR A ENTRADA DE CALOR NOS AMBIENTES SUBJACENTES GRA\u00c7AS \u00c0 VENTILA\u00c7\u00c3O.<br \/>\n\u2022 A VENTILA\u00c7\u00c3O EVITA AINDA A ESTAGNA\u00c7\u00c3O DA HUMIDADE DEBAIXO DO MANTO DE COBERTURA, EVITANDO ASSIM A FORMA\u00c7\u00c3O DE BOLOR, QUE PODE RESULTAR NUMA DEGRADA\u00c7\u00c3O DA ESTRUTURA.<br \/>\n\u2022 POUPAN\u00c7A NOT\u00c1VEL NOS CONSUMOS ENERG\u00c9TICOS (AQUECIMENTO\/ARREFECIMENTO).[\/vc_column_text][vc_column_text]<\/p>\n<p class=\"p1\"><strong><span class=\"s1\">Posicionando na cobertura horizontal do edif\u00edcio as cofragens Iglu\u2019<sup>\u00ae <\/sup>ventilated roof cria-se uma c\u00e2mara de ar que permite isolar do calor no Ver\u00e3o e do frio no Inverno, com a consequente poupan\u00e7a na climatiza\u00e7\u00e3o dos locais internos. <\/span><\/strong><\/p>\n<p class=\"p1\"><span class=\"s1\">A acumula\u00e7\u00e3o de calor no Ver\u00e3o e as baixas temperaturas do Inverno com a forma\u00e7\u00e3o de condensa\u00e7\u00e3o e bolor, s\u00e3o fen\u00f3menos que podem encontrar uma solu\u00e7\u00e3o v\u00e1lida com a adop\u00e7\u00e3o de um tecto ventilado com Iglu\u2019<sup>\u00ae <\/sup>ventilated roof, um sistema que favorece o fluxo cont\u00ednuo do ar no interior das sub-coberturas.<br \/>\n<\/span><strong>A realiza\u00e7\u00e3o de um tecto ventilado (plano e aqu\u00edferos) com Iglu\u2019<sup>\u00ae <\/sup>ventilated roof garante um maior conforto habitacional tanto nos per\u00edodos de Inverno, como nos per\u00edodos de Ver\u00e3o, para al\u00e9m de melhorar a conserva\u00e7\u00e3o dos materiais que constituem o tecto.<\/strong><\/p>\n<p>[\/vc_column_text][\/vc_column][\/vc_row][vc_row][vc_column][vc_separator][vc_column_text css=&#8221;.vc_custom_1592297006811{margin-bottom: 15px !important;}&#8221;]<strong>PRODUTOS RECOMENDADOS:<\/strong>[\/vc_column_text][vc_empty_space height=&#8221;10px&#8221;][\/vc_column][vc_column][vc_masonry_grid post_type=&#8221;ids&#8221; element_width=&#8221;3&#8243; grid_id=&#8221;vc_gid:1627391613477-e9d16684-6942-0&#8243; include=&#8221;1034&#8243; el_class=&#8221;text-size-p&#8221;][\/vc_column][\/vc_row]<\/p>\n","protected":false},"excerpt":{"rendered":"<p>Um tecto ventilado com Iglu\u2019\u00ae ventilated roof, um sistema que favorece o fluxo cont\u00ednuo do ar no interior das sub-coberturas.<\/p>\n","protected":false},"author":1,"featured_media":57904,"parent":42629,"menu_order":2,"comment_status":"closed","ping_status":"closed","template":"","meta":[],"acf":[],"aioseo_notices":[],"_links":{"self":[{"href":"https:\/\/www.daliform.com\/pt-pt\/wp-json\/wp\/v2\/pages\/44192"}],"collection":[{"href":"https:\/\/www.daliform.com\/pt-pt\/wp-json\/wp\/v2\/pages"}],"about":[{"href":"https:\/\/www.daliform.com\/pt-pt\/wp-json\/wp\/v2\/types\/page"}],"author":[{"embeddable":true,"href":"https:\/\/www.daliform.com\/pt-pt\/wp-json\/wp\/v2\/users\/1"}],"replies":[{"embeddable":true,"href":"https:\/\/www.daliform.com\/pt-pt\/wp-json\/wp\/v2\/comments?post=44192"}],"version-history":[{"count":0,"href":"https:\/\/www.daliform.com\/pt-pt\/wp-json\/wp\/v2\/pages\/44192\/revisions"}],"up":[{"embeddable":true,"href":"https:\/\/www.daliform.com\/pt-pt\/wp-json\/wp\/v2\/pages\/42629"}],"wp:featuredmedia":[{"embeddable":true,"href":"https:\/\/www.daliform.com\/pt-pt\/wp-json\/wp\/v2\/media\/57904"}],"wp:attachment":[{"href":"https:\/\/www.daliform.com\/pt-pt\/wp-json\/wp\/v2\/media?parent=44192"}],"curies":[{"name":"wp","href":"https:\/\/api.w.org\/{rel}","templated":true}]}}